{"id":1139,"date":"2021-02-25T19:01:01","date_gmt":"2021-02-25T18:01:01","guid":{"rendered":"https:\/\/historiadelderecho.umh.es\/?page_id=1139"},"modified":"2021-12-11T09:30:58","modified_gmt":"2021-12-11T08:30:58","slug":"proteccion-social-y-contrato-de-trabajo-apuntes-historicos","status":"publish","type":"page","link":"https:\/\/historiadelderecho.umh.es\/ca\/actividades\/seminariosjornadas\/proteccion-social-y-contrato-de-trabajo-apuntes-historicos\/","title":{"rendered":"Protecci\u00f3n Social y Contrato de Trabajo: Apuntes hist\u00f3ricos"},"content":{"rendered":"<p>[et_pb_section fb_built=&#8221;1&#8243; _builder_version=&#8221;3.22&#8243;][et_pb_row _builder_version=&#8221;3.25&#8243; background_size=&#8221;initial&#8221; background_position=&#8221;top_left&#8221; background_repeat=&#8221;repeat&#8221;][et_pb_column type=&#8221;4_4&#8243; _builder_version=&#8221;3.25&#8243; custom_padding=&#8221;|||&#8221; custom_padding__hover=&#8221;|||&#8221;][et_pb_text _builder_version=&#8221;3.27.4&#8243; background_size=&#8221;initial&#8221; background_position=&#8221;top_left&#8221; background_repeat=&#8221;repeat&#8221;]<\/p>\n<p style=\"text-align: justify\"><a href=\"https:\/\/historiadelderecho.umh.es\/files\/2021\/02\/imatge_ampliable.jpg\"><img loading=\"lazy\" class=\"size-thumbnail wp-image-1140 alignleft\" src=\"https:\/\/historiadelderecho.umh.es\/files\/2021\/02\/imatge_ampliable-150x150.jpg\" alt=\"\" width=\"150\" height=\"150\" \/><\/a>El \u00c1rea de Historia del Derecho y de las Instituciones de la Universidad Miguel Hern\u00e1ndez participa en el &#8220;Ciclo de Conferencias: Protecci\u00f3n social y contrataci\u00f3n de trabajo: apuntes hist\u00f3ricos&#8221;. La actividad se organiza, de forma conjunta, por la Facultad de Ciencias Sociales y Jur\u00eddicas y el \u00c1rea de Historia del Derecho y de las Instituciones de la Universidad de Ja\u00e9n. A lo largo de la misma, especialistas de reconocido prestigio disertar\u00e1n sobre cuestiones tan relevantes como la protecci\u00f3n de los trabajadores en los siglos XIII a XVIII; la regulaci\u00f3n laboral en el Antiguo R\u00e9gimen o la formaci\u00f3n internacional del Derecho obrero.<\/p>\n<p style=\"text-align: justify\">El encuentro est\u00e1 dirigido a estudiantes de todos los cursos del grado de Relaciones Laborales y Recursos Humanos.<\/p>\n<p>Todas las ponencias se transmitir\u00e1n v\u00eda Google Meet, a ellas se podr\u00e1 acceder a trav\u00e9s del siguiente enlace: <a href=\"https:\/\/meet.google.com\/pmq-tvpk-pdy?authuser=0\">https:\/\/meet.google.com\/pmq-tvpk-pdy<\/a>.<\/p>\n<p><strong>Viernes, 26 de febrero de 2021<\/strong><br \/>\n<strong>12:00h.\u00a0<em>Personae miserabilis, favor protectionis y protecci\u00f3n social de los trabajadores m\u00e1s desfavorecidos (siglos XIII-XVIII).\u00a0<\/em><\/strong><br \/>\nProf. Dr. Eduardo Cebreriros \u00c1lvarez.<br \/>\nProfesor titular de Historia del Derecho.<br \/>\nUniversidade da Coru\u00f1a.<\/p>\n<p><strong>Jueves, 18 de marzo de 2021<br \/>\n12:00h<em>\u00a0La regulaci\u00f3n del trabajo en un municipio del Antiguo R\u00e9gimen.<\/em><br \/>\n<\/strong>Prof. Dr. Jos\u00e9 Antonio L\u00f3pez Nevot.<br \/>\nCatedr\u00e1tico de Historia del Derecho.<strong><br \/>\n<\/strong>Universidad de Granada.<br \/>\n<strong>\u00a0<\/strong><br \/>\n<strong>Viernes, 9 de abril de 2021<br \/>\n12:00h<em>\u00a0La mujer trabajadora en la construcci\u00f3n del derecho obrero.<\/em><br \/>\n<\/strong>Prof\u00aa. Dr\u00aa. Sara Moreno Tejada.<br \/>\nProfesora ayudante doctora de Historia del Derecho.<strong><br \/>\n<\/strong>Universidad Miguel Hern\u00e1ndez.<\/p>\n<p><strong>Viernes, 16 de abril de 2021<br \/>\n12:00h<em>\u00a0La formaci\u00f3n internacional del derecho obrero.<\/em><br \/>\n<\/strong>Prof\u00aa. Dr\u00aa. Isabel Ramos V\u00e1zquez.<br \/>\nCatedr\u00e1tica de Historia del Derecho.<strong><br \/>\n<\/strong>Universidad de Ja\u00e9n.<\/p>\n<p><strong>Viernes, 23 de abril de 2021<br \/>\n12:00h<em>\u00a0Organizaci\u00f3n internacional del trabajo y protecci\u00f3n social.<\/em><br \/>\n<\/strong>Prof. Dr. Miguel \u00c1ngel Chamocho Cantudo.<br \/>\nCatedr\u00e1tico de Historia del Derecho.<strong><br \/>\n<\/strong>Universidad de Ja\u00e9n.<\/p>\n<p><strong>Viernes, 7 de mayo de 2021<br \/>\n12:00h<em>\u00a0El contrato de trabajo hoy: heteronom\u00eda y cl\u00e1usulas de protecci\u00f3n social.<\/em><br \/>\n<\/strong>Prof\u00aa. Dr\u00aa. Cristina S\u00e1nchez-Rodas Navarro.<br \/>\nCatedr\u00e1tico de Derecho del Trabajo.<strong><br \/>\n<\/strong>Universidad de Sevilla.<\/p>\n<p><strong>Reconocidos 0,5 cr\u00e9ditos por competencias transversales y profesionales.<\/strong><\/p>\n<div><\/div>\n<p>[\/et_pb_text][\/et_pb_column][\/et_pb_row][\/et_pb_section]<\/p>\n","protected":false},"excerpt":{"rendered":"<p>El \u00c1rea de Historia del Derecho y de las Instituciones de la Universidad Miguel Hern\u00e1ndez participa en el &#8220;Ciclo de Conferencias: Protecci\u00f3n social y contrataci\u00f3n de trabajo: apuntes hist\u00f3ricos&#8221;. La actividad se organiza, de forma conjunta, por la Facultad de Ciencias Sociales y Jur\u00eddicas y el \u00c1rea de Historia del Derecho y de las Instituciones [&hellip;]<\/p>\n","protected":false},"author":5730,"featured_media":0,"parent":24,"menu_order":0,"comment_status":"closed","ping_status":"closed","template":"","meta":{"_et_pb_use_builder":"on","_et_pb_old_content":"<p style=\"text-align: justify;\"><a href=\"https:\/\/historiadelderecho.umh.es\/files\/2021\/02\/imatge_ampliable.jpg\"><img class=\"size-thumbnail wp-image-1140 alignleft\" src=\"https:\/\/historiadelderecho.umh.es\/files\/2021\/02\/imatge_ampliable-150x150.jpg\" alt=\"\" width=\"150\" height=\"150\" \/><\/a>El \u00c1rea de Historia del Derecho y de las Instituciones de la Universidad Miguel Hern\u00e1ndez participa en el \"Ciclo de Conferencias: Protecci\u00f3n social y contrataci\u00f3n de trabajo: apuntes hist\u00f3ricos\". La actividad se organiza, de forma conjunta, por la Facultad de Ciencias Sociales y Jur\u00eddicas y el \u00c1rea de Historia del Derecho y de las Instituciones de la Universidad de Ja\u00e9n. A lo largo de la misma, especialistas de reconocido prestigio disertar\u00e1n sobre cuestiones tan relevantes como la protecci\u00f3n de los trabajadores en los siglos XIII a XVIII; la regulaci\u00f3n laboral en el Antiguo R\u00e9gimen o la formaci\u00f3n internacional del Derecho obrero.<\/p><p style=\"text-align: justify;\">El encuentro est\u00e1 dirigido a estudiantes de todos los cursos del grado de Relaciones Laborales y Recursos Humanos.<\/p><p>Todas las ponencias se transmitir\u00e1n v\u00eda Google Meet, a ellas se podr\u00e1 acceder a trav\u00e9s del siguiente enlace: <a href=\"https:\/\/meet.google.com\/pmq-tvpk-pdy?authuser=0\">https:\/\/meet.google.com\/pmq-tvpk-pdy<\/a>.<\/p><p><strong>Viernes, 26 de febrero de 2021<\/strong><br \/><strong>12:00h.\u00a0<em>Personae miserabilis, favor protectionis y protecci\u00f3n social de los trabajadores m\u00e1s desfavorecidos (siglos XIII-XVIII).\u00a0<\/em><\/strong><br \/>Prof. Dr. Eduardo Cebreriros \u00c1lvarez.<br \/>Profesor titular de Historia del Derecho.<br \/>Universidade da Coru\u00f1a.<\/p><p><strong>Jueves, 18 de marzo de 2021<br \/>12:00h<em>\u00a0La regulaci\u00f3n del trabajo en un municipio del Antiguo R\u00e9gimen.<\/em><br \/><\/strong>Prof. Dr. Jos\u00e9 Antonio L\u00f3pez Nevot.<br \/>Catedr\u00e1tico de Historia del Derecho.<strong><br \/><\/strong>Universidad de Granada.<br \/><strong>\u00a0<\/strong><br \/><strong>Viernes, 9 de abril de 2021<br \/>12:00h<em>\u00a0La mujer trabajadora en la construcci\u00f3n del derecho obrero.<\/em><br \/><\/strong>Prof\u00aa. Dr\u00aa. Sara Moreno Tejada.<br \/>Profesora ayudante doctora de Historia del Derecho.<strong><br \/><\/strong>Universidad Miguel Hern\u00e1ndez.<\/p><p><strong>Viernes, 16 de abril de 2021<br \/>12:00h<em>\u00a0La formaci\u00f3n internacional del derecho obrero.<\/em><br \/><\/strong>Prof\u00aa. Dr\u00aa. Isabel Ramos V\u00e1zquez.<br \/>Catedr\u00e1tica de Historia del Derecho.<strong><br \/><\/strong>Universidad de Ja\u00e9n.<\/p><p><strong>Viernes, 23 de abril de 2021<br \/>12:00h<em>\u00a0Organizaci\u00f3n internacional del trabajo y protecci\u00f3n social.<\/em><br \/><\/strong>Prof. Dr. Miguel \u00c1ngel Chamocho Cantudo.<br \/>Catedr\u00e1tico de Historia del Derecho.<strong><br \/><\/strong>Universidad de Ja\u00e9n.<\/p><p><strong>Viernes, 7 de mayo de 2021<br \/>12:00h<em>\u00a0El contrato de trabajo hoy: heteronom\u00eda y cl\u00e1usulas de protecci\u00f3n social.<\/em><br \/><\/strong>Prof\u00aa. Dr\u00aa. Cristina S\u00e1nchez-Rodas Navarro.<br \/>Catedr\u00e1tico de Derecho del Trabajo.<strong><br \/><\/strong>Universidad de Sevilla.<\/p><p><strong>Reconocidos 0,5 cr\u00e9ditos por competencias transversales y profesionales.<\/strong><\/p><div>\u00a0<\/div>","_et_gb_content_width":"","_links_to":"","_links_to_target":""},"_links":{"self":[{"href":"https:\/\/historiadelderecho.umh.es\/ca\/wp-json\/wp\/v2\/pages\/1139"}],"collection":[{"href":"https:\/\/historiadelderecho.umh.es\/ca\/wp-json\/wp\/v2\/pages"}],"about":[{"href":"https:\/\/historiadelderecho.umh.es\/ca\/wp-json\/wp\/v2\/types\/page"}],"author":[{"embeddable":true,"href":"https:\/\/historiadelderecho.umh.es\/ca\/wp-json\/wp\/v2\/users\/5730"}],"replies":[{"embeddable":true,"href":"https:\/\/historiadelderecho.umh.es\/ca\/wp-json\/wp\/v2\/comments?post=1139"}],"version-history":[{"count":0,"href":"https:\/\/historiadelderecho.umh.es\/ca\/wp-json\/wp\/v2\/pages\/1139\/revisions"}],"up":[{"embeddable":true,"href":"https:\/\/historiadelderecho.umh.es\/ca\/wp-json\/wp\/v2\/pages\/24"}],"wp:attachment":[{"href":"https:\/\/historiadelderecho.umh.es\/ca\/wp-json\/wp\/v2\/media?parent=1139"}],"curies":[{"name":"wp","href":"https:\/\/api.w.org\/{rel}","templated":true}]}}