{"id":2576,"date":"2023-09-21T10:57:39","date_gmt":"2023-09-21T08:57:39","guid":{"rendered":"https:\/\/historiadelderecho.umh.es\/?page_id=2576"},"modified":"2023-10-30T22:05:37","modified_gmt":"2023-10-30T21:05:37","slug":"congreso-internacional-igualdad-justicia-y-memoria","status":"publish","type":"page","link":"https:\/\/historiadelderecho.umh.es\/ca\/actividades\/congresos\/congreso-internacional-igualdad-justicia-y-memoria\/","title":{"rendered":"<span lang=\"es\">(Espa\u00f1ol) Congreso Internacional: IGUALDAD, JUSTICIA Y MEMORIA<\/span>"},"content":{"rendered":"<p class=\"qtranxs-available-languages-message qtranxs-available-languages-message-ca\">Ho sentim, aquesta entrada es troba disponible \u00fanicament en <a href=\"https:\/\/historiadelderecho.umh.es\/es\/wp-json\/wp\/v2\/pages\/2576\" class=\"qtranxs-available-language-link qtranxs-available-language-link-es\" title=\"Espa\u00f1ol\">Espanyol Europeu<\/a>.<\/p>","protected":false},"excerpt":{"rendered":"<p>Ho sentim, aquesta entrada es troba disponible \u00fanicament en Espanyol Europeu.<\/p>\n","protected":false},"author":25833,"featured_media":0,"parent":23,"menu_order":0,"comment_status":"closed","ping_status":"closed","template":"","meta":{"_et_pb_use_builder":"on","_et_pb_old_content":"<span lang=\"es\">(Espa\u00f1ol) <a href=\"https:\/\/historiadelderecho.umh.es\/files\/2023\/10\/Cartel-8_page-0001-scaled.jpg\"><img class=\" wp-image-2691 alignleft\" src=\"https:\/\/historiadelderecho.umh.es\/files\/2023\/10\/Cartel-8_page-0001-scaled.jpg\" alt=\"\" width=\"245\" height=\"345\" \/><\/a>\r\n<p style=\"text-align: justify\">Con la promulgaci\u00f3n de la Constituci\u00f3n de 1978, la igualdad qued\u00f3 consagrada como uno de los principios rectores de la vida pol\u00edtica y social. Junto a la libertad, la justicia y el pluralismo pol\u00edtico, se configur\u00f3 como un criterio b\u00e1sico para enjuiciar las acciones, ordenar la convivencia y establecer sus fines. A partir de este momento, los poderes p\u00fablicos adquirieron el compromiso de promover una transformaci\u00f3n radical del pa\u00eds, finalizando con el car\u00e1cter androcentrista que hab\u00eda presidido el ordenamiento jur\u00eddico espa\u00f1ol durante siglos. Se lograba, de esta forma, una reivindicaci\u00f3n hist\u00f3rica, a saber, el establecimiento de una verdadera democracia que reconociese, de forma efectiva, los derechos y libertades de todos los ciudadanos.<\/p>\r\n<p style=\"text-align: justify\">Como es sabido, los acontecimientos vividos en Espa\u00f1a durante el primer tercio del siglo XX son especialmente representativos de la lucha sostenida por tantos hombres y mujeres para el establecimiento de una equidad efectiva que pusiese fin al trato injusto y desigual sufrido por gran parte de la poblaci\u00f3n. Ninguna etapa de nuestros anales es tan rica en matices, tan convulsa, tan compleja, tan violenta y tan triste como esta. Es, por tanto, imprescindible, construir espacios de an\u00e1lisis y di\u00e1logo sobre este periodo de nuestra historia. Solo as\u00ed podremos extraer valiosas ense\u00f1anzas del pasado que nos permitan meditar sobre el presente y encarar el futuro libre de los errores cometidos por nuestros antepasados.<\/p>\r\n<p style=\"text-align: justify\">Este es, en concreto, el principal objetivo que persigue el \u201cCongreso Internacional: Igualdad, Justicia y Memoria\u201d. A lo largo de sus sesiones, reputados especialistas disertar\u00e1n sobre las principales problem\u00e1ticas vinculadas a culturas pol\u00edticas t\u00f3xicas, a saber, la exclusi\u00f3n, la discriminaci\u00f3n, la marginaci\u00f3n, la falta de independencia del Poder Judicial o los abusos de poder. En definitiva, se trata de ahondar, desde un punto de vista multidisciplinar, en la realidad jur\u00eddica de la ciudadan\u00eda espa\u00f1ola, prestando especial atenci\u00f3n a lo acontecido en tierras valencianas durante la Segunda Rep\u00fablica, la Guerra Civil y el franquismo. El simposio se ha organizado por el \u00c1rea de Historia del Derecho y de las Instituciones de la Universidad Miguel Hern\u00e1ndez, y se ha estructurado en dos sesiones, que tendr\u00e1n lugar los pr\u00f3ximos d\u00edas, 6 y 7 de noviembre de 2023, en la Sala Misteri d\u2019Elx, sita en el Edificio Torrevaillo, Campus de Elche.<\/p>\r\n\r\n<table style=\"width: 555px\">\r\n<tbody>\r\n<tr>\r\n<td style=\"width: 196.146px\">\r\n<p style=\"text-align: center\"><a href=\"https:\/\/historiadelderecho.umh.es\/actividades\/seminariosjornadas\/international-kolloquim\/programa\/\">PROGRAMA \u00a0 <\/a><\/p>\r\n<\/td>\r\n<td style=\"width: 184.104px\">\r\n<p style=\"text-align: center\"><a href=\"https:\/\/docs.google.com\/forms\/d\/e\/1FAIpQLScJVeE9GheC9xLnb7uflAT1wCptFQr8Y9upBgsPNw8pCev6iw\/viewform?usp=sf_link\">INSCRIPCI\u00d3N \u00a0 \u00a0 <\/a><\/p>\r\n<\/td>\r\n<td style=\"width: 152.75px\">\r\n<p style=\"text-align: center\"><a href=\"https:\/\/docs.google.com\/forms\/d\/e\/1FAIpQLScJVeE9GheC9xLnb7uflAT1wCptFQr8Y9upBgsPNw8pCev6iw\/viewform?usp=sf_link\">\u00a0 <\/a><a href=\"https:\/\/historiadelderecho.umh.es\/localizacion\/\">LOCALIZACI\u00d3N<\/a><\/p>\r\n<\/td>\r\n<\/tr>\r\n<\/tbody>\r\n<\/table>\r\n\u00a0\r\n<table style=\"width: 741px\">\r\n<tbody>\r\n<tr>\r\n<td style=\"width: 233.312px\"><strong>ORGANIZA:<\/strong><\/td>\r\n<td style=\"width: 270.375px\"><strong>FINANCIA:<\/strong><\/td>\r\n<td style=\"width: 215.312px\"><strong>COLABORA:<\/strong><\/td>\r\n<\/tr>\r\n<tr>\r\n<td style=\"width: 233.312px;text-align: center\"><a href=\"https:\/\/historiadelderecho.umh.es\/files\/2023\/09\/Logo-HDI-UMH-1-1.jpg\"><img class=\"wp-image-2599 aligncenter\" src=\"https:\/\/historiadelderecho.umh.es\/files\/2023\/09\/Logo-HDI-UMH-1-1.jpg\" alt=\"\" width=\"171\" height=\"65\" \/><\/a>Grupo de Investigaci\u00f3n Justicia y Memoria Hist\u00f3rica.<\/td>\r\n<td style=\"width: 270.375px;text-align: center\"><a href=\"https:\/\/historiadelderecho.umh.es\/files\/2023\/09\/Generalitat-Valenciana.png\"><img class=\"wp-image-2605 aligncenter\" src=\"https:\/\/historiadelderecho.umh.es\/files\/2023\/09\/Generalitat-Valenciana.png\" alt=\"\" width=\"135\" height=\"76\" \/><\/a>Resoluci\u00f3 de 6 d'octubre de 2022 (DOGV n\u00fam. 9499 de 14 d'octubre).<\/td>\r\n<td style=\"width: 215.312px;text-align: center\"><a href=\"https:\/\/historiadelderecho.umh.es\/files\/2023\/09\/UMH.png\"><img class=\"wp-image-2601 aligncenter\" src=\"https:\/\/historiadelderecho.umh.es\/files\/2023\/09\/UMH.png\" alt=\"\" width=\"173\" height=\"47\" \/><\/a>Departamento de Ciencia Jur\u00eddica.<\/td>\r\n<\/tr>\r\n<\/tbody>\r\n<\/table><\/span>","_et_gb_content_width":"","_links_to":"","_links_to_target":""},"_links":{"self":[{"href":"https:\/\/historiadelderecho.umh.es\/ca\/wp-json\/wp\/v2\/pages\/2576"}],"collection":[{"href":"https:\/\/historiadelderecho.umh.es\/ca\/wp-json\/wp\/v2\/pages"}],"about":[{"href":"https:\/\/historiadelderecho.umh.es\/ca\/wp-json\/wp\/v2\/types\/page"}],"author":[{"embeddable":true,"href":"https:\/\/historiadelderecho.umh.es\/ca\/wp-json\/wp\/v2\/users\/25833"}],"replies":[{"embeddable":true,"href":"https:\/\/historiadelderecho.umh.es\/ca\/wp-json\/wp\/v2\/comments?post=2576"}],"version-history":[{"count":0,"href":"https:\/\/historiadelderecho.umh.es\/ca\/wp-json\/wp\/v2\/pages\/2576\/revisions"}],"up":[{"embeddable":true,"href":"https:\/\/historiadelderecho.umh.es\/ca\/wp-json\/wp\/v2\/pages\/23"}],"wp:attachment":[{"href":"https:\/\/historiadelderecho.umh.es\/ca\/wp-json\/wp\/v2\/media?parent=2576"}],"curies":[{"name":"wp","href":"https:\/\/api.w.org\/{rel}","templated":true}]}}