{"id":474,"date":"2016-05-27T15:44:45","date_gmt":"2016-05-27T13:44:45","guid":{"rendered":"http:\/\/historiadelderecho.umh.es\/?page_id=474"},"modified":"2024-04-29T16:29:00","modified_gmt":"2024-04-29T14:29:00","slug":"sara-moreno-tejada","status":"publish","type":"page","link":"https:\/\/historiadelderecho.umh.es\/ca\/directorio\/sara-moreno-tejada\/","title":{"rendered":"Sara Moreno Tejada"},"content":{"rendered":"<p>[et_pb_section fb_built=&#8221;1&#8243; _builder_version=&#8221;4.16&#8243; global_colors_info=&#8221;{}&#8221;][et_pb_row _builder_version=&#8221;4.16&#8243; background_size=&#8221;initial&#8221; background_position=&#8221;top_left&#8221; background_repeat=&#8221;repeat&#8221; global_colors_info=&#8221;{}&#8221;][et_pb_column type=&#8221;4_4&#8243; _builder_version=&#8221;4.16&#8243; custom_padding=&#8221;|||&#8221; global_colors_info=&#8221;{}&#8221; custom_padding__hover=&#8221;|||&#8221;][et_pb_text _builder_version=&#8221;4.17.4&#8243; background_size=&#8221;initial&#8221; background_position=&#8221;top_left&#8221; background_repeat=&#8221;repeat&#8221; hover_enabled=&#8221;0&#8243; global_colors_info=&#8221;{}&#8221; sticky_enabled=&#8221;0&#8243;]<\/p>\n<p><strong><img loading=\"lazy\" class=\" wp-image-475 alignleft\" src=\"https:\/\/historiadelderecho.umh.es\/files\/2016\/05\/2-225x300.jpg\" alt=\"2\" width=\"111\" height=\"147\" srcset=\"https:\/\/historiadelderecho.umh.es\/files\/2016\/05\/2-225x300.jpg 225w, https:\/\/historiadelderecho.umh.es\/files\/2016\/05\/2-768x1024.jpg 768w, https:\/\/historiadelderecho.umh.es\/files\/2016\/05\/2.jpg 1920w\" sizes=\"(max-width: 111px) 100vw, 111px\" \/>Prof\u00aa Dra. Sara Moreno Tejada<\/strong><\/p>\n<p>Profesora Titular de Universidad\u00a0<\/p>\n<p>Tlfno. 96665 87 97<\/p>\n<p>E-mail: <a href=\"mailto:s.moreno@umh.es\">s.moreno@umh.es<\/a><\/p>\n<p>Despacho: 0.22 Edif. Torrevaillo -Campus de Elche<\/p>\n<p><strong>Titulaci\u00f3n:\u00a0<\/strong>Licenciada en Derecho. Universidad Miguel Hern\u00e1ndez.<\/p>\n<p><strong>Doctorado:<\/strong> Doctora en Derecho. Universidad Miguel Hern\u00e1ndez<\/p>\n<p>El Consejo provincial de Alicante (2018)<\/p>\n<p><strong>L\u00edneas de investigaci\u00f3n:\u00a0\u00a0<\/strong>Justicia y Administraci\u00f3n consultiva. Derechos y libertades<\/p>\n<p style=\"text-align: justify\"><strong>Publicaciones relevantes:<\/strong><\/p>\n<p>\u2022 MORENO TEJADA, S., \u201cEl Consejo de Estado gaditano&#8221; en\u00a0Historia constitucional: Revista Electr\u00f3nica de Historia Constitucional,\u00a0<acronym title=\"International Standard Serial Number (Edici\u00f3n electr\u00f3nica)\">ISSN-e<\/acronym>\u00a01576-4729,\u00a0N\u00ba. 19, 2018,\u00a0<abbr title=\"p\u00e1ginas\">p\u00e1gs.<\/abbr>\u00a0123-157.<\/p>\n<p>\u2022 MORENO TEJADA, S., &#8220;<span class=\"titulo\">La divisi\u00f3n de poderes y el nacimiento de la justicia contencioso administrativa en el siglo XIX&#8221; en\u00a0<\/span><span class=\"titulo\">I Congreso de jovenes historiadores\u00a0<\/span><span class=\"separador\">:\u00a0<\/span><span class=\"subtitulo\">Actas<\/span>\u00a0\/\u00a0Sara N\u00fa\u00f1ez de Prado Clavell\u00a0(<abbr title=\"Director de la elaboraci\u00f3n de un art\u00edculo o publicaci\u00f3n\">dir.<\/abbr>),\u00a0Paula Mar\u00eda de la Fuente Polo\u00a0(<abbr title=\"Edita la obra de otro autor\">ed. lit.<\/abbr>),\u00a0Marina Perruca Gracia\u00a0(<abbr title=\"Edita la obra de otro autor\">ed. lit.<\/abbr>),\u00a0Javier Rodr\u00edguez Abeng\u00f3zar\u00a0(<abbr title=\"Edita la obra de otro autor\">ed. lit.<\/abbr>), 2016,\u00a0<abbr title=\"p\u00e1ginas\">p\u00e1gs.<\/abbr>\u00a0539-558.<\/p>\n<p>[\/et_pb_text][\/et_pb_column][\/et_pb_row][\/et_pb_section]<\/p>\n","protected":false},"excerpt":{"rendered":"<p>Prof\u00aa Dra. Sara Moreno Tejada Profesora Titular de Universidad\u00a0 Tlfno. 96665 87 97 E-mail: s.moreno@umh.es Despacho: 0.22 Edif. Torrevaillo -Campus de Elche Titulaci\u00f3n:\u00a0Licenciada en Derecho. Universidad Miguel Hern\u00e1ndez. Doctorado: Doctora en Derecho. Universidad Miguel Hern\u00e1ndez El Consejo provincial de Alicante (2018) L\u00edneas de investigaci\u00f3n:\u00a0\u00a0Justicia y Administraci\u00f3n consultiva. Derechos y libertades Publicaciones relevantes: \u2022 MORENO TEJADA, [&hellip;]<\/p>\n","protected":false},"author":3004,"featured_media":0,"parent":55,"menu_order":0,"comment_status":"closed","ping_status":"closed","template":"","meta":{"_et_pb_use_builder":"on","_et_pb_old_content":"<p><strong><img class=\" wp-image-475 alignleft\" src=\"https:\/\/historiadelderecho.umh.es\/files\/2016\/05\/2-225x300.jpg\" alt=\"2\" width=\"111\" height=\"147\" \/>Prof\u00aa Dra. Sara Moreno Tejada<\/strong><\/p><p>Profesora Ayudante Doctor<\/p><p>Tlfno. 96665 87 97<\/p><p>E-mail: <a href=\"mailto:s.moreno@umh.es\">s.moreno@umh.es<\/a><\/p><p>Despacho: 0.22 Edif. Torrevaillo -Campus de Elche<\/p><p><strong>Titulaci\u00f3n:\u00a0<\/strong>Licenciada en Derecho. Universidad Miguel Hern\u00e1ndez.<\/p><p><strong>Doctorado:<\/strong> Doctora en Derecho. Universidad Miguel Hern\u00e1ndez<\/p><p>El Consejo provincial de Alicante (2018)<\/p><p><strong>L\u00edneas de investigaci\u00f3n:\u00a0\u00a0<\/strong>Justicia y Administraci\u00f3n consultiva. Derechos y libertades<\/p><p style=\"text-align: justify;\"><strong>Publicaciones relevantes:<\/strong><\/p><p>\u2022 MORENO TEJADA, S., \u201cEl Consejo de Estado gaditano\" en\u00a0Historia constitucional: Revista Electr\u00f3nica de Historia Constitucional,\u00a0<acronym title=\"International Standard Serial Number (Edici\u00f3n electr\u00f3nica)\">ISSN-e<\/acronym>\u00a01576-4729,\u00a0N\u00ba. 19, 2018,\u00a0<abbr title=\"p\u00e1ginas\">p\u00e1gs.<\/abbr>\u00a0123-157.<\/p><p>\u2022 MORENO TEJADA, S., \"<span class=\"titulo\">La divisi\u00f3n de poderes y el nacimiento de la justicia contencioso administrativa en el siglo XIX\" en\u00a0<\/span><span class=\"titulo\">I Congreso de jovenes historiadores\u00a0<\/span><span class=\"separador\">:\u00a0<\/span><span class=\"subtitulo\">Actas<\/span>\u00a0\/\u00a0Sara N\u00fa\u00f1ez de Prado Clavell\u00a0(<abbr title=\"Director de la elaboraci\u00f3n de un art\u00edculo o publicaci\u00f3n\">dir.<\/abbr>),\u00a0Paula Mar\u00eda de la Fuente Polo\u00a0(<abbr title=\"Edita la obra de otro autor\">ed. lit.<\/abbr>),\u00a0Marina Perruca Gracia\u00a0(<abbr title=\"Edita la obra de otro autor\">ed. lit.<\/abbr>),\u00a0Javier Rodr\u00edguez Abeng\u00f3zar\u00a0(<abbr title=\"Edita la obra de otro autor\">ed. lit.<\/abbr>), 2016,\u00a0<abbr title=\"p\u00e1ginas\">p\u00e1gs.<\/abbr>\u00a0539-558.<\/p>","_et_gb_content_width":"","_links_to":"","_links_to_target":""},"_links":{"self":[{"href":"https:\/\/historiadelderecho.umh.es\/ca\/wp-json\/wp\/v2\/pages\/474"}],"collection":[{"href":"https:\/\/historiadelderecho.umh.es\/ca\/wp-json\/wp\/v2\/pages"}],"about":[{"href":"https:\/\/historiadelderecho.umh.es\/ca\/wp-json\/wp\/v2\/types\/page"}],"author":[{"embeddable":true,"href":"https:\/\/historiadelderecho.umh.es\/ca\/wp-json\/wp\/v2\/users\/3004"}],"replies":[{"embeddable":true,"href":"https:\/\/historiadelderecho.umh.es\/ca\/wp-json\/wp\/v2\/comments?post=474"}],"version-history":[{"count":0,"href":"https:\/\/historiadelderecho.umh.es\/ca\/wp-json\/wp\/v2\/pages\/474\/revisions"}],"up":[{"embeddable":true,"href":"https:\/\/historiadelderecho.umh.es\/ca\/wp-json\/wp\/v2\/pages\/55"}],"wp:attachment":[{"href":"https:\/\/historiadelderecho.umh.es\/ca\/wp-json\/wp\/v2\/media?parent=474"}],"curies":[{"name":"wp","href":"https:\/\/api.w.org\/{rel}","templated":true}]}}