{"id":947,"date":"2019-03-01T19:28:34","date_gmt":"2019-03-01T18:28:34","guid":{"rendered":"https:\/\/historiadelderecho.umh.es\/?page_id=947"},"modified":"2021-12-11T09:34:30","modified_gmt":"2021-12-11T08:34:30","slug":"i-jornadas-sobre-censura-y-libertad-de-expresion","status":"publish","type":"page","link":"https:\/\/historiadelderecho.umh.es\/ca\/actividades\/seminariosjornadas\/i-jornadas-sobre-censura-y-libertad-de-expresion\/","title":{"rendered":"I Jornadas sobre Censura y Libertad de expresi\u00f3n"},"content":{"rendered":"<p>[et_pb_section fb_built=&#8221;1&#8243; _builder_version=&#8221;3.22&#8243;][et_pb_row _builder_version=&#8221;3.25&#8243; background_size=&#8221;initial&#8221; background_position=&#8221;top_left&#8221; background_repeat=&#8221;repeat&#8221;][et_pb_column type=&#8221;4_4&#8243; _builder_version=&#8221;3.25&#8243; custom_padding=&#8221;|||&#8221; custom_padding__hover=&#8221;|||&#8221;][et_pb_text _builder_version=&#8221;3.27.4&#8243; background_size=&#8221;initial&#8221; background_position=&#8221;top_left&#8221; background_repeat=&#8221;repeat&#8221;]<\/p>\n<p style=\"text-align: justify\">\u00a0 <a href=\"https:\/\/historiadelderecho.umh.es\/files\/2019\/03\/CARTEL.jpg\"><img loading=\"lazy\" class=\"size-medium wp-image-971 alignleft\" src=\"https:\/\/historiadelderecho.umh.es\/files\/2019\/03\/CARTEL-212x300.jpg\" alt=\"\" width=\"212\" height=\"300\" srcset=\"https:\/\/historiadelderecho.umh.es\/files\/2019\/03\/CARTEL-212x300.jpg 212w, https:\/\/historiadelderecho.umh.es\/files\/2019\/03\/CARTEL-768x1086.jpg 768w, https:\/\/historiadelderecho.umh.es\/files\/2019\/03\/CARTEL-724x1024.jpg 724w, https:\/\/historiadelderecho.umh.es\/files\/2019\/03\/CARTEL.jpg 1588w\" sizes=\"(max-width: 212px) 100vw, 212px\" \/><\/a>\u00a0Es sabido que el libre ejercicio de las libertades de expresi\u00f3n y prensa constituyen una condici\u00f3n inexpugnable en todo Estado que quiera calificarse como democr\u00e1tico. En Espa\u00f1a el reconocimiento de estos derechos se realiz\u00f3, por primera vez, mediante el decreto de 10 de noviembre de 1810 de las Cortes de C\u00e1diz y seguidamente se integrar\u00eda en el articulado de todas y cada una de las Constituciones que han irradiado el ordenamiento jur\u00eddico espa\u00f1ol desde 1812 hasta nuestros d\u00edas. Sin embargo, lo cierto es que, en la mayor\u00eda de estos textos, su plasmaci\u00f3n constitucional se realiz\u00f3en t\u00e9rminos vagos, permitiendo la aplicaci\u00f3n de una fuerte censura durante gran parte de los siglos XIX y XX.<\/p>\n<p style=\"text-align: justify\">\u00a0 \u00a0La finalidad de las \u201cI Jornadas sobre censura y libertad de expresi\u00f3n\u201d es analizar y debatir sobre la configuraci\u00f3n que a lo largo de la historia se ha concedido a la libertad de expresi\u00f3n y las consecuencias pr\u00e1cticas que esto ha tenido en la sociedad del momento. En concreto, se examinar\u00e1 no s\u00f3lo la normativa constitucional y de desarrollo que fue promulgada a lo largo de las indicadas \u00e9pocas sino, adem\u00e1s, determinados casos de gran calado en la opini\u00f3n p\u00fablica. Los objetivos que se persiguen son:<\/p>\n<ul>\n<li>Conceptualizar la libertad de expresi\u00f3n y prensa en relaci\u00f3n a las libertades p\u00fablicas.<\/li>\n<li>Comprender el t\u00e9rmino de Estado liberal y las diferentes formas de configurar la libertad de expresi\u00f3n.<\/li>\n<li>Establecer relaciones entre el concepto de libertad de expresi\u00f3n y los fundamentos de los diferentes sistemas pol\u00edticos espa\u00f1oles desde el proceso de construcci\u00f3n del Estado Liberal.<\/li>\n<li>Entender la importancia del ejercicio de la libertad de expresi\u00f3n dentro de los procesos de construcci\u00f3n de Estados de corte liberal o liberal-democr\u00e1ticos.<\/li>\n<\/ul>\n<p><strong>Las I Jornadas sobre censura y libertad de expresi\u00f3n se celebrar\u00e1n los d\u00edas 20 y 27 de marzo y 3 de abril de 2019, de 16 a 19 h, en el Seminario Prof. Ricardo G\u00f3mez Rivero, Edificio Torrevaillo, Campus de Elche. <\/strong><\/p>\n<p><span style=\"text-decoration: underline\"><strong>Reconocidos 0.5 cr\u00e9ditos por competencias transversales y profesionales. <\/strong><\/span><\/p>\n<p><span style=\"text-decoration: underline\"><strong>Las plazas son limitadas.\u00a0<\/strong><\/span><\/p>\n<p><a href=\"https:\/\/docs.google.com\/forms\/d\/e\/1FAIpQLSf5pCVP0TDI_KV_Jz9BFP5aALoJcGeVNx9L6jyGC5lxVUGTTw\/viewform?usp=sf_link\" target=\"_blank\" rel=\"noopener\"><img loading=\"lazy\" class=\" wp-image-953 aligncenter\" src=\"https:\/\/historiadelderecho.umh.es\/files\/2019\/03\/boton-inscripcion-padres-300x104.png\" alt=\"\" width=\"242\" height=\"84\" srcset=\"https:\/\/historiadelderecho.umh.es\/files\/2019\/03\/boton-inscripcion-padres-300x104.png 300w, https:\/\/historiadelderecho.umh.es\/files\/2019\/03\/boton-inscripcion-padres-768x267.png 768w, https:\/\/historiadelderecho.umh.es\/files\/2019\/03\/boton-inscripcion-padres-1024x356.png 1024w, https:\/\/historiadelderecho.umh.es\/files\/2019\/03\/boton-inscripcion-padres.png 1564w\" sizes=\"(max-width: 242px) 100vw, 242px\" \/><\/a><br \/>\n[\/et_pb_text][\/et_pb_column][\/et_pb_row][\/et_pb_section]<\/p>\n","protected":false},"excerpt":{"rendered":"<p>\u00a0 \u00a0Es sabido que el libre ejercicio de las libertades de expresi\u00f3n y prensa constituyen una condici\u00f3n inexpugnable en todo Estado que quiera calificarse como democr\u00e1tico. En Espa\u00f1a el reconocimiento de estos derechos se realiz\u00f3, por primera vez, mediante el decreto de 10 de noviembre de 1810 de las Cortes de C\u00e1diz y seguidamente se [&hellip;]<\/p>\n","protected":false},"author":3004,"featured_media":0,"parent":24,"menu_order":0,"comment_status":"closed","ping_status":"closed","template":"","meta":{"_et_pb_use_builder":"on","_et_pb_old_content":"<p style=\"text-align: justify;\">\u00a0 <a href=\"https:\/\/historiadelderecho.umh.es\/files\/2019\/03\/CARTEL.jpg\"><img class=\"size-medium wp-image-971 alignleft\" src=\"https:\/\/historiadelderecho.umh.es\/files\/2019\/03\/CARTEL-212x300.jpg\" alt=\"\" width=\"212\" height=\"300\" \/><\/a>\u00a0Es sabido que el libre ejercicio de las libertades de expresi\u00f3n y prensa constituyen una condici\u00f3n inexpugnable en todo Estado que quiera calificarse como democr\u00e1tico. En Espa\u00f1a el reconocimiento de estos derechos se realiz\u00f3, por primera vez, mediante el decreto de 10 de noviembre de 1810 de las Cortes de C\u00e1diz y seguidamente se integrar\u00eda en el articulado de todas y cada una de las Constituciones que han irradiado el ordenamiento jur\u00eddico espa\u00f1ol desde 1812 hasta nuestros d\u00edas. Sin embargo, lo cierto es que, en la mayor\u00eda de estos textos, su plasmaci\u00f3n constitucional se realiz\u00f3en t\u00e9rminos vagos, permitiendo la aplicaci\u00f3n de una fuerte censura durante gran parte de los siglos XIX y XX.<\/p><p style=\"text-align: justify;\">\u00a0 \u00a0La finalidad de las \u201cI Jornadas sobre censura y libertad de expresi\u00f3n\u201d es analizar y debatir sobre la configuraci\u00f3n que a lo largo de la historia se ha concedido a la libertad de expresi\u00f3n y las consecuencias pr\u00e1cticas que esto ha tenido en la sociedad del momento. En concreto, se examinar\u00e1 no s\u00f3lo la normativa constitucional y de desarrollo que fue promulgada a lo largo de las indicadas \u00e9pocas sino, adem\u00e1s, determinados casos de gran calado en la opini\u00f3n p\u00fablica. Los objetivos que se persiguen son:<\/p><ul><li>Conceptualizar la libertad de expresi\u00f3n y prensa en relaci\u00f3n a las libertades p\u00fablicas.<\/li><li>Comprender el t\u00e9rmino de Estado liberal y las diferentes formas de configurar la libertad de expresi\u00f3n.<\/li><li>Establecer relaciones entre el concepto de libertad de expresi\u00f3n y los fundamentos de los diferentes sistemas pol\u00edticos espa\u00f1oles desde el proceso de construcci\u00f3n del Estado Liberal.<\/li><li>Entender la importancia del ejercicio de la libertad de expresi\u00f3n dentro de los procesos de construcci\u00f3n de Estados de corte liberal o liberal-democr\u00e1ticos.<\/li><\/ul><p><strong>Las I Jornadas sobre censura y libertad de expresi\u00f3n se celebrar\u00e1n los d\u00edas 20 y 27 de marzo y 3 de abril de 2019, de 16 a 19 h, en el Seminario Prof. Ricardo G\u00f3mez Rivero, Edificio Torrevaillo, Campus de Elche. <\/strong><\/p><p><span style=\"text-decoration: underline;\"><strong>Reconocidos 0.5 cr\u00e9ditos por competencias transversales y profesionales. <\/strong><\/span><\/p><p><span style=\"text-decoration: underline;\"><strong>Las plazas son limitadas.\u00a0<\/strong><\/span><\/p><p><a href=\"https:\/\/docs.google.com\/forms\/d\/e\/1FAIpQLSf5pCVP0TDI_KV_Jz9BFP5aALoJcGeVNx9L6jyGC5lxVUGTTw\/viewform?usp=sf_link\" target=\"_blank\" rel=\"noopener\"><img class=\" wp-image-953 aligncenter\" src=\"https:\/\/historiadelderecho.umh.es\/files\/2019\/03\/boton-inscripcion-padres-300x104.png\" alt=\"\" width=\"242\" height=\"84\" \/><\/a><\/p>","_et_gb_content_width":"","_links_to":"","_links_to_target":""},"_links":{"self":[{"href":"https:\/\/historiadelderecho.umh.es\/ca\/wp-json\/wp\/v2\/pages\/947"}],"collection":[{"href":"https:\/\/historiadelderecho.umh.es\/ca\/wp-json\/wp\/v2\/pages"}],"about":[{"href":"https:\/\/historiadelderecho.umh.es\/ca\/wp-json\/wp\/v2\/types\/page"}],"author":[{"embeddable":true,"href":"https:\/\/historiadelderecho.umh.es\/ca\/wp-json\/wp\/v2\/users\/3004"}],"replies":[{"embeddable":true,"href":"https:\/\/historiadelderecho.umh.es\/ca\/wp-json\/wp\/v2\/comments?post=947"}],"version-history":[{"count":0,"href":"https:\/\/historiadelderecho.umh.es\/ca\/wp-json\/wp\/v2\/pages\/947\/revisions"}],"up":[{"embeddable":true,"href":"https:\/\/historiadelderecho.umh.es\/ca\/wp-json\/wp\/v2\/pages\/24"}],"wp:attachment":[{"href":"https:\/\/historiadelderecho.umh.es\/ca\/wp-json\/wp\/v2\/media?parent=947"}],"curies":[{"name":"wp","href":"https:\/\/api.w.org\/{rel}","templated":true}]}}