{"id":2606,"date":"2023-09-26T10:59:30","date_gmt":"2023-09-26T08:59:30","guid":{"rendered":"https:\/\/historiadelderecho.umh.es\/?page_id=2606"},"modified":"2023-11-02T13:24:39","modified_gmt":"2023-11-02T12:24:39","slug":"congreso-internacional-justicia-y-reparacion-del-conflicto-durante-la-ii-republica-la-guerra-civil-y-el-primer-franquismo","status":"publish","type":"page","link":"https:\/\/historiadelderecho.umh.es\/en\/congreso-internacional-justicia-y-reparacion-del-conflicto-durante-la-ii-republica-la-guerra-civil-y-el-primer-franquismo\/","title":{"rendered":"<span lang=\"es\">(Espa\u00f1ol) CONGRESO INTERNACIONAL: Justicia y reparaci\u00f3n del conflicto durante la II Rep\u00fablica, la Guerra civil y el primer franquismo<\/span>"},"content":{"rendered":"<p>[et_pb_section fb_built=&#8221;1&#8243; admin_label=&#8221;section&#8221; _builder_version=&#8221;4.16&#8243; global_colors_info=&#8221;{}&#8221;][et_pb_row admin_label=&#8221;row&#8221; _builder_version=&#8221;4.16&#8243; background_size=&#8221;initial&#8221; background_position=&#8221;top_left&#8221; background_repeat=&#8221;repeat&#8221; global_colors_info=&#8221;{}&#8221;][et_pb_column type=&#8221;4_4&#8243; _builder_version=&#8221;4.16&#8243; custom_padding=&#8221;|||&#8221; global_colors_info=&#8221;{}&#8221; custom_padding__hover=&#8221;|||&#8221;][et_pb_text admin_label=&#8221;Text&#8221; _builder_version=&#8221;4.17.4&#8243; background_size=&#8221;initial&#8221; background_position=&#8221;top_left&#8221; background_repeat=&#8221;repeat&#8221; hover_enabled=&#8221;0&#8243; global_colors_info=&#8221;{}&#8221; sticky_enabled=&#8221;0&#8243;]<\/p>\n<p><a href=\"https:\/\/historiadelderecho.umh.es\/files\/2023\/11\/Cartel-scaled.jpg\"><img loading=\"lazy\" class=\"wp-image-2794 size-medium alignleft\" src=\"https:\/\/historiadelderecho.umh.es\/files\/2023\/11\/Cartel-213x300.jpg\" alt=\"\" width=\"213\" height=\"300\" \/><\/a>El Poder Judicial constituye un pilar esencial para el correcto funcionamiento de un Estado de Democr\u00e1tico de Derecho, basado en la legalidad, as\u00ed como en la preservaci\u00f3n y el respeto de los derechos fundamentales de la ciudadan\u00eda. Para cumplir con este fin, la Justicia debe revestirse de un car\u00e1cter totalmente apol\u00edtico, desempe\u00f1ando su labor bajo los principios de imparcialidad, inviolabilidad e independencia.<\/p>\n<p style=\"text-align: justify\">Empero, esta afirmaci\u00f3n, que en la actualidad parece irrefutable, se ha visto comprometida en distintos momentos de nuestra historia m\u00e1s reciente. Un ejemplo representativo de esta coyuntura es lo acontecido durante el r\u00e9gimen franquista, cuando los Juzgados y Tribunales fueron convertidos en meros instrumentos represivos del Poder Ejecutivo. La intransigencia y radicalizaci\u00f3n reinantes a lo largo de este periodo supusieron que las libertades de la poblaci\u00f3n fuesen sometidas al m\u00e1s profundo desprecio. Teniendo esto en cuenta, es indudable que los referidos acontecimientos merecen ser estudiados, narrados y debatidos en favor de la reparaci\u00f3n y las garant\u00edas de no repetici\u00f3n.<\/p>\n<p style=\"text-align: justify\">Este es el principal objetivo perseguido por el Congreso Internacional \u201cJusticia y Reparaci\u00f3n del Conflicto durante la II Rep\u00fablica, la Guerra civil y el primer franquismo\u201d. El encuentro tendr\u00e1 lugar en la Universidad Miguel Hern\u00e1ndez, los d\u00edas 17 y 18 de octubre de 2023. A lo largo de sus sesiones reputados especialistas en la materia disertar\u00e1n sobre la articulaci\u00f3n de la Administraci\u00f3n de Justicia durante esta etapa de nuestros anales. En concreto, se prestar\u00e1 especial atenci\u00f3n a cuestiones tan relevantes como el an\u00e1lisis de los mecanismos procesales utilizados para la represi\u00f3n, la efectividad de los mismos, la identificaci\u00f3n de las v\u00edctimas, o los procesos de depuraci\u00f3n de importantes profesionales del Derecho.<\/p>\n<p>&nbsp;<\/p>\n<h4 style=\"text-align: center\"><a href=\"https:\/\/historiadelderecho.umh.es\/programa-3\/\">PROGRAMA<\/a><\/h4>\n<h4 style=\"text-align: center\"><a href=\"https:\/\/docs.google.com\/forms\/d\/e\/1FAIpQLSeU4lH_VNY6ERfBeEck9x_-cYB8DStwqqmeDdfibkYRu04kZg\/viewform\" target=\"_blank\" rel=\"noopener\">INSCRIPCI\u00d3N<\/a><\/h4>\n<h4 style=\"text-align: center\"><a href=\"https:\/\/historiadelderecho.umh.es\/localizacion-2\/\">LOCALIZACI\u00d3N<\/a><\/h4>\n<h3 style=\"text-align: center\">\u00a0<\/h3>\n<table style=\"height: 241px;border-style: none;width: 1279px\" width=\"1279\">\n<tbody>\n<tr style=\"height: 32px\">\n<td style=\"width: 391px;height: 32px\"><strong>Organiza<\/strong><\/td>\n<td style=\"width: 874px;height: 32px\"><strong>Financia<\/strong><\/td>\n<\/tr>\n<tr style=\"height: 189px\">\n<td style=\"width: 391px;height: 209px\" rowspan=\"3\">\n<p><a href=\"https:\/\/historiadelderecho.umh.es\/files\/2023\/09\/Logo-HDI-UMH-1-1.jpg\"><img loading=\"lazy\" class=\"wp-image-2599  aligncenter\" src=\"https:\/\/historiadelderecho.umh.es\/files\/2023\/09\/Logo-HDI-UMH-1-1-300x114.jpg\" alt=\"\" width=\"191\" height=\"73\" srcset=\"https:\/\/historiadelderecho.umh.es\/files\/2023\/09\/Logo-HDI-UMH-1-1-300x114.jpg 300w, https:\/\/historiadelderecho.umh.es\/files\/2023\/09\/Logo-HDI-UMH-1-1.jpg 375w\" sizes=\"(max-width: 191px) 100vw, 191px\" \/><\/a>Director: Prof. Dr. Jos\u00e9 Antonio P\u00e9rez Juan.<\/p>\n<p>Subdirectora: Prof\u00aa. Dra. Sara Moreno Tejada.<\/p>\n<p>Secretaria T\u00e9cnica: Prof\u00aa. Roc\u00edo Rodr\u00edguez Mas.<\/p>\n<\/td>\n<td style=\"width: 874px;height: 189px\"><em style=\"color: #666666;text-align: justify\">Pr<\/em><em style=\"color: #666666;text-align: justify\"><a href=\"https:\/\/historiadelderecho.umh.es\/files\/2023\/09\/Generalitat-Valenciana.png\"><img loading=\"lazy\" class=\"wp-image-2605 alignleft \" src=\"https:\/\/historiadelderecho.umh.es\/files\/2023\/09\/Generalitat-Valenciana.png\" alt=\"\" width=\"151\" height=\"84\" \/><\/a>oyecto Justicia y reparaci\u00f3n del conflicto durante la II Rep\u00fablica, la Guerra civil y el primer franquism<\/em><span style=\"color: #666666;text-align: justify\">o, referencia\u00a0<\/span><em style=\"color: #666666;text-align: justify\">MEMUNI\/2023\/1, financiado por la Conseller\u00eda de Participaci\u00f3n, Transparencia, Cooperaci\u00f3n y Calidad Democr\u00e1tica. Orden 3\/2022, de 17 de junio (DOGV 9369, 27.06.2022).<\/em><\/td>\n<\/tr>\n<tr style=\"height: 10px\">\n<td style=\"width: 874px;height: 10px\"><strong>Colaboran<\/strong><\/td>\n<\/tr>\n<tr style=\"height: 10px\">\n<td style=\"width: 874px;height: 10px;text-align: justify\">\n<p><span style=\"text-align: start\"><a style=\"text-align: start\" href=\"https:\/\/historiadelderecho.umh.es\/files\/2021\/11\/Logo-UNIVERSITAS-Miguel-Hernandez.png\"><img loading=\"lazy\" class=\"wp-image-1555 alignleft \" src=\"https:\/\/historiadelderecho.umh.es\/files\/2021\/11\/Logo-UNIVERSITAS-Miguel-Hernandez-300x91.png\" alt=\"\" width=\"188\" height=\"57\" srcset=\"https:\/\/historiadelderecho.umh.es\/files\/2021\/11\/Logo-UNIVERSITAS-Miguel-Hernandez-300x91.png 300w, https:\/\/historiadelderecho.umh.es\/files\/2021\/11\/Logo-UNIVERSITAS-Miguel-Hernandez.png 473w\" sizes=\"(max-width: 188px) 100vw, 188px\" \/><\/a><\/span><\/p>\n<p>&nbsp;<\/p>\n<p>&nbsp;<\/p>\n<p>Departamento de Ciencia Jur\u00eddica<br \/>Vicerrectorado de Investigaci\u00f3n.<br \/>Ayudas para proyectos de la difusi\u00f3n de la ciencia, la tecnolog\u00eda y la investigaci\u00f3n<\/p>\n<p>&nbsp;<\/p>\n<p><span style=\"text-align: start\"><a href=\"https:\/\/historiadelderecho.umh.es\/files\/2023\/09\/MINISTERIO-DE-CIENCIA-E-INNOVACION.jpg\"><img loading=\"lazy\" class=\"wp-image-2603 alignleft \" src=\"https:\/\/historiadelderecho.umh.es\/files\/2023\/09\/MINISTERIO-DE-CIENCIA-E-INNOVACION-300x73.jpg\" alt=\"\" width=\"193\" height=\"47\" \/><\/a><em style=\"font-family: inherit;font-size: inherit\">Conflicto y reparaci\u00f3n en la historia jur\u00eddica espa\u00f1ola moderna y contempor\u00e1nea<\/em><span style=\"font-family: inherit;font-size: inherit\">, referencia PID2020-113346GB-C21, financiado por el Ministerio de Ciencia e Innovaci\u00f3n del Gobierno de Espa\u00f1a en el marco del Programa Estatal de Generaci\u00f3n de Conocimiento y Fortalecimiento Cient\u00edfico y Tecnol\u00f3gico del Sistema de I+D+i del Plan de Investigaci\u00f3n Cient\u00edfica y T\u00e9cnica y de Innovaci\u00f3n 2017-2020 (MCIN\/AEI\/10.13039\/501100011033).<\/span><br \/><\/span><\/p>\n<\/td>\n<\/tr>\n<\/tbody>\n<\/table>\n<p>[\/et_pb_text][\/et_pb_column][\/et_pb_row][\/et_pb_section]<\/p>\n","protected":false},"excerpt":{"rendered":"<p>El Poder Judicial constituye un pilar esencial para el correcto funcionamiento de un Estado de Democr\u00e1tico de Derecho, basado en la legalidad, as\u00ed como en la preservaci\u00f3n y el respeto de los derechos fundamentales de la ciudadan\u00eda. Para cumplir con este fin, la Justicia debe revestirse de un car\u00e1cter totalmente apol\u00edtico, desempe\u00f1ando su labor bajo [&hellip;]<\/p>\n","protected":false},"author":25833,"featured_media":0,"parent":0,"menu_order":0,"comment_status":"closed","ping_status":"closed","template":"","meta":{"_et_pb_use_builder":"on","_et_pb_old_content":"<span lang=\"es\">(Espa\u00f1ol) <p style=\"text-align: justify\">El Poder Judicial constituye un pilar esencial para el correcto funcionamiento de un Estado de Democr\u00e1tico de Derecho, basado en la legalidad, as\u00ed como en la preservaci\u00f3n y el respeto de los derechos fundamentales de la ciudadan\u00eda. Para cumplir con este fin, la Justicia debe revestirse de un car\u00e1cter totalmente apol\u00edtico, desempe\u00f1ando su labor bajo los principios de imparcialidad, inviolabilidad e independencia.<\/p>\r\n<p style=\"text-align: justify\">Empero, esta afirmaci\u00f3n, que en la actualidad parece irrefutable, se ha visto comprometida en distintos momentos de nuestra historia m\u00e1s reciente. Un ejemplo representativo de esta coyuntura es lo acontecido durante el r\u00e9gimen franquista, cuando los Juzgados y Tribunales fueron convertidos en meros instrumentos represivos del Poder Ejecutivo. La intransigencia y radicalizaci\u00f3n reinantes a lo largo de este periodo supusieron que las libertades de la poblaci\u00f3n fuesen sometidas al m\u00e1s profundo desprecio. Teniendo esto en cuenta, es indudable que los referidos acontecimientos merecen ser estudiados, narrados y debatidos en favor de la reparaci\u00f3n y las garant\u00edas de no repetici\u00f3n.<\/p>\r\n<p style=\"text-align: justify\">Este es el principal objetivo perseguido por el Congreso Internacional \u201cJusticia y Reparaci\u00f3n del Conflicto durante la II Rep\u00fablica, la Guerra civil y el primer franquismo\u201d. El encuentro tendr\u00e1 lugar en la Universidad Miguel Hern\u00e1ndez, los d\u00edas 17 y 18 de octubre de 2023. A lo largo de sus sesiones reputados especialistas en la materia disertar\u00e1n sobre la articulaci\u00f3n de la Administraci\u00f3n de Justicia durante esta etapa de nuestros anales. En concreto, se prestar\u00e1 especial atenci\u00f3n a cuestiones tan relevantes como el an\u00e1lisis de los mecanismos procesales utilizados para la represi\u00f3n, la efectividad de los mismos, la identificaci\u00f3n de las v\u00edctimas, o los procesos de depuraci\u00f3n de importantes profesionales del Derecho.<\/p>\r\n\u00a0\r\n<p style=\"text-align: justify\"><a href=\"https:\/\/historiadelderecho.umh.es\/programa-3\/\">PROGRAMA<\/a><\/p>\r\n<a href=\"https:\/\/docs.google.com\/forms\/d\/e\/1FAIpQLSeU4lH_VNY6ERfBeEck9x_-cYB8DStwqqmeDdfibkYRu04kZg\/viewform\">INSCRIPCI\u00d3N<\/a>\r\n\r\n<a href=\"https:\/\/historiadelderecho.umh.es\/localizacion-2\/\">LOCALIZACI\u00d3N<\/a>\r\n\r\n\u00a0\r\n<p style=\"text-align: justify\">Director: Prof. Dr. Jos\u00e9 Antonio P\u00e9rez Juan.<\/p>\r\n<p style=\"text-align: justify\">Subdirectora: Prof\u00aa. Dra. Sara Moreno Tejada.<\/p>\r\n<p style=\"text-align: justify\">Secretaria T\u00e9cnica: Prof\u00aa. Roc\u00edo Rodr\u00edguez M\u00e1s.<\/p>\r\n\u00a0\r\n\r\n<em><strong>Becas para estudiantes<\/strong><\/em>\r\n\r\n<em><strong>0,5 cr\u00e9ditos reconocidos por competencias transversales y profesionales<\/strong><\/em>\r\n\r\n<strong>Organiza:<\/strong>\r\n\r\n<a href=\"https:\/\/historiadelderecho.umh.es\/files\/2023\/09\/Logo-HDI-UMH-1-1.jpg\"><img class=\"alignnone wp-image-2599\" src=\"https:\/\/historiadelderecho.umh.es\/files\/2023\/09\/Logo-HDI-UMH-1-1.jpg\" alt=\"\" width=\"270\" height=\"103\" \/><\/a>\r\n\r\n<strong>Colaboran:\u00a0<\/strong>\r\n\r\n<a href=\"https:\/\/historiadelderecho.umh.es\/files\/2023\/09\/UMH.png\"><img class=\"alignnone wp-image-2601\" src=\"https:\/\/historiadelderecho.umh.es\/files\/2023\/09\/UMH.png\" alt=\"\" width=\"269\" height=\"73\" \/>\u00a0<\/a>\r\n\r\n<em>Departamento de Ciencia Jur\u00eddica<\/em>\r\n\r\n<a href=\"https:\/\/historiadelderecho.umh.es\/files\/2023\/09\/MINISTERIO-DE-CIENCIA-E-INNOVACION.jpg\"><img class=\"alignnone wp-image-2603\" src=\"https:\/\/historiadelderecho.umh.es\/files\/2023\/09\/MINISTERIO-DE-CIENCIA-E-INNOVACION.jpg\" alt=\"\" width=\"377\" height=\"92\" \/><\/a>\r\n<p style=\"text-align: justify\"><em>Conflicto y reparaci\u00f3n en la historia jur\u00eddica espa\u00f1ola moderna y contempor\u00e1nea<\/em>, referencia PID2020-113346GB-C21, financiado por el Ministerio de Ciencia e Innovaci\u00f3n del Gobierno de Espa\u00f1a en el marco del Programa Estatal de Generaci\u00f3n de Conocimiento y Fortalecimiento Cient\u00edfico y Tecnol\u00f3gico del Sistema de I+D+i del Plan de Investigaci\u00f3n Cient\u00edfica y T\u00e9cnica y de Innovaci\u00f3n 2017-2020 (MCIN\/AEI\/10.13039\/501100011033).<\/p>\r\n<strong>Financia:<\/strong>\r\n\r\n<a href=\"https:\/\/historiadelderecho.umh.es\/files\/2023\/09\/Generalitat-Valenciana.png\"><img class=\"alignnone wp-image-2605\" src=\"https:\/\/historiadelderecho.umh.es\/files\/2023\/09\/Generalitat-Valenciana.png\" alt=\"\" width=\"200\" height=\"112\" \/><\/a>\r\n<p style=\"text-align: justify\"><em>Proyecto Justicia y reparaci\u00f3n del conflicto durante la II Rep\u00fablica, la Guerra civil y el primer franquism<\/em>o, referencia\u00a0<em>MEMUNI\/2023\/1, financiado por la Conseller\u00eda de Participaci\u00f3n, Transparencia, Cooperaci\u00f3n y Calidad Democr\u00e1tica. Orden 3\/2022, de 17 de junio (DOGV 9369, 27.06.2022).<\/em><\/p><\/span>","_et_gb_content_width":"","_links_to":"","_links_to_target":""},"_links":{"self":[{"href":"https:\/\/historiadelderecho.umh.es\/en\/wp-json\/wp\/v2\/pages\/2606"}],"collection":[{"href":"https:\/\/historiadelderecho.umh.es\/en\/wp-json\/wp\/v2\/pages"}],"about":[{"href":"https:\/\/historiadelderecho.umh.es\/en\/wp-json\/wp\/v2\/types\/page"}],"author":[{"embeddable":true,"href":"https:\/\/historiadelderecho.umh.es\/en\/wp-json\/wp\/v2\/users\/25833"}],"replies":[{"embeddable":true,"href":"https:\/\/historiadelderecho.umh.es\/en\/wp-json\/wp\/v2\/comments?post=2606"}],"version-history":[{"count":0,"href":"https:\/\/historiadelderecho.umh.es\/en\/wp-json\/wp\/v2\/pages\/2606\/revisions"}],"wp:attachment":[{"href":"https:\/\/historiadelderecho.umh.es\/en\/wp-json\/wp\/v2\/media?parent=2606"}],"curies":[{"name":"wp","href":"https:\/\/api.w.org\/{rel}","templated":true}]}}