{"id":3004,"date":"2026-02-18T17:34:46","date_gmt":"2026-02-18T16:34:46","guid":{"rendered":"https:\/\/historiadelderecho.umh.es\/?page_id=3004"},"modified":"2026-04-17T15:51:19","modified_gmt":"2026-04-17T13:51:19","slug":"congreso-internacional-democracia-y-estado-de-partidos-en-la-europa-de-los-siglos-xix-y-xx-invisibilidad-represion-y-legalizacion","status":"publish","type":"page","link":"https:\/\/historiadelderecho.umh.es\/en\/congreso-internacional-democracia-y-estado-de-partidos-en-la-europa-de-los-siglos-xix-y-xx-invisibilidad-represion-y-legalizacion\/","title":{"rendered":"<span lang=\"es\">(Espa\u00f1ol) CONGRESO INTERNACIONAL: DEMOCRACIA Y ESTADO DE PARTIDOS EN LA EUROPA DE LOS SIGLOS XIX Y XX. INVISIBILIDAD, REPRESI\u00d3N Y LEGALIZACI\u00d3N<\/span>"},"content":{"rendered":"<p>[et_pb_section fb_built=&#8221;1&#8243; _builder_version=&#8221;4.17.4&#8243; _module_preset=&#8221;default&#8221; global_colors_info=&#8221;{}&#8221;][et_pb_row column_structure=&#8221;1_2,1_2&#8243; _builder_version=&#8221;4.17.4&#8243; _module_preset=&#8221;default&#8221; global_colors_info=&#8221;{}&#8221;][et_pb_column type=&#8221;1_2&#8243; _builder_version=&#8221;4.17.4&#8243; _module_preset=&#8221;default&#8221; global_colors_info=&#8221;{}&#8221;][et_pb_image src=&#8221;https:\/\/historiadelderecho.umh.es\/files\/2026\/04\/1.png&#8221; title_text=&#8221;1&#8243; _builder_version=&#8221;4.17.4&#8243; _module_preset=&#8221;default&#8221; global_colors_info=&#8221;{}&#8221;][\/et_pb_image][et_pb_divider show_divider=&#8221;off&#8221; _builder_version=&#8221;4.17.4&#8243; _module_preset=&#8221;default&#8221; width=&#8221;100%&#8221; max_width=&#8221;100%&#8221; module_alignment=&#8221;center&#8221; min_height=&#8221;118px&#8221; height=&#8221;1000px&#8221; max_height=&#8221;119px&#8221; global_colors_info=&#8221;{}&#8221;][\/et_pb_divider][et_pb_text _builder_version=&#8221;4.17.4&#8243; _module_preset=&#8221;default&#8221; transform_scale=&#8221;102%|102%&#8221; text_orientation=&#8221;justified&#8221; box_shadow_style=&#8221;preset1&#8243; global_colors_info=&#8221;{}&#8221;]<\/p>\n<table style=\"border-collapse: collapse;width: 100%\" border=\"1\">\n<tbody>\n<tr>\n<td style=\"width: 100%;text-align: center\">\n<h3><a href=\"https:\/\/historiadelderecho.umh.es\/2026\/02\/18\/programa-2\/\" target=\"_blank\" rel=\"noopener\">PROGRAMA<\/a><\/h3>\n<\/td>\n<\/tr>\n<tr>\n<td style=\"width: 100%;text-align: center\">\n<h3><a href=\"https:\/\/forms.gle\/PMn87tm2Ss7M6WCHA\">INSCRIPCI\u00d3N<\/a><\/h3>\n<\/td>\n<\/tr>\n<\/tbody>\n<\/table>\n<p>[\/et_pb_text][\/et_pb_column][et_pb_column type=&#8221;1_2&#8243; _builder_version=&#8221;4.17.4&#8243; _module_preset=&#8221;default&#8221; global_colors_info=&#8221;{}&#8221;][et_pb_text _builder_version=&#8221;4.17.4&#8243; _module_preset=&#8221;default&#8221; text_orientation=&#8221;justified&#8221; width=&#8221;100%&#8221; global_colors_info=&#8221;{}&#8221;]<\/p>\n<p>La gestaci\u00f3n del Estado democr\u00e1tico en los territorios que conforman el mapa europeo constituy\u00f3 un proceso intrincado, convulso y repleto de vaivenes que se tradujeron en continuos abusos de poder y, paralelamente, en una reiterada adulteraci\u00f3n de los derechos y libertades de la ciudadan\u00eda. En este contexto, en el que la crisis democr\u00e1tica represent\u00f3 una constante, la participaci\u00f3n pol\u00edtica fue relegada a la clandestinidad. No es posible olvidar que el nacimiento de las asociaciones y partidos pol\u00edticos se caracteriz\u00f3 por su espontaneidad, siendo objeto de represi\u00f3n y persecuci\u00f3n constantes. Como bien ha se\u00f1alado Ignacio Fern\u00e1ndez Sarasola, estas agrupaciones solo fueron consideradas como organizaciones con ideolog\u00eda y requisitos propios en el momento en que se alcanz\u00f3 la consideraci\u00f3n de que su existencia resultaba necesaria en cualquier r\u00e9gimen que quisiese tildarse de liberal. En este sentido, es posible apreciar el recorrido se\u00f1alado por Heinrich Triepel, en virtud de la cual los partidos, primero, fueron combatidos; luego, ignorados; despu\u00e9s, legalizados y reconocidos, y, por \u00faltimo, aceptados por la Constituci\u00f3n.<\/p>\n<p>En Espa\u00f1a, no ser\u00e1 hasta bien entrado el siglo XX cuando alcancen este \u00faltimo estadio. Empero, lamentablemente, la dictadura fren\u00f3 su desarrollo de forma fulminante, operando, a partir de este momento, como cobertura de la tiran\u00eda pol\u00edtica del franquismo. Estrangulada durante cuarenta a\u00f1os, la democracia resurgi\u00f3 en Espa\u00f1a con la promulgaci\u00f3n de la Constituci\u00f3n de 1978. A partir de este momento, los partidos pol\u00edticos adquirir\u00e1n una doble faceta, al ser a la vez cauce del derecho de asociaci\u00f3n y elemento b\u00e1sico de la estructura democr\u00e1tica. De acuerdo con Garc\u00eda-Pelayo, este hecho constituye un hito, pues supone la condena, tanto del modelo de Estado que los niega (el autoritario), como de aqu\u00e9l en que se instaura el modelo ideol\u00f3gico y partidista (el totalitario).<\/p>\n<p>Teniendo en cuenta lo hasta aqu\u00ed manifestado, el Congreso Internacional \u201cDemocracia y Estado de Partidos en la Europa de los siglos XIX y XX: invisibilidad, represi\u00f3n y legalizaci\u00f3n\u201d re\u00fane a un grupo multidisciplinar e internacional de destacados especialistas en la materia con el fin de que, a lo largo de dos jornadas, diserten sobre el proceso de implantaci\u00f3n de los partidos pol\u00edticos en Europa, as\u00ed como sus influencias y caracter\u00edsticas propias. Especial atenci\u00f3n se prestar\u00e1 a los momentos de rupturas que se produjeron a lo largo del marco temporal fijado, analizando sus causas y consecuencias. En concreto, trataremos de dar respuesta a los siguientes interrogantes: \u00bfC\u00f3mo fue el proceso de aparici\u00f3n de los primeros partidos pol\u00edticos? \u00bfQu\u00e9 influencia tuvieron en su conformaci\u00f3n las teor\u00edas de los eminentes juristas del momento? \u00bfDe qu\u00e9 manera influyeron en la consolidaci\u00f3n del r\u00e9gimen democr\u00e1tico? \u00bfCu\u00e1les fueron las f\u00f3rmulas y mecanismos que se orquestaron para su opresi\u00f3n y persecuci\u00f3n?<\/p>\n<p>La importancia de la tem\u00e1tica que abordamos en este encuentro internacional es innegable. Las garant\u00edas pol\u00edticas constituyen la v\u00eda para el desarrollo de los derechos fundamentales de los individuos, al permitir la participaci\u00f3n de los ciudadanos en todas las cuestiones que les afecten de forma directa, cualesquiera que sea su riqueza, sexo, ideolog\u00eda, religi\u00f3n o creencias. En el panorama pol\u00edtico actual, donde la reaparici\u00f3n de las fuerzas intransigentes constituye un riesgo constante para el efectivo ejercicio de las libertades, la revisi\u00f3n de nuestros antecedentes resulta insoslayable, toda vez que nos permite detectar de forma temprana las amenazas para nuestro Estado social y democr\u00e1tico de derecho.<\/p>\n<p>[\/et_pb_text][\/et_pb_column][\/et_pb_row][et_pb_row _builder_version=&#8221;4.17.4&#8243; _module_preset=&#8221;default&#8221; global_colors_info=&#8221;{}&#8221;][et_pb_column type=&#8221;4_4&#8243; _builder_version=&#8221;4.17.4&#8243; _module_preset=&#8221;default&#8221; global_colors_info=&#8221;{}&#8221;][et_pb_tabs _builder_version=&#8221;4.17.4&#8243; _module_preset=&#8221;default&#8221; hover_enabled=&#8221;0&#8243; global_colors_info=&#8221;{}&#8221; sticky_enabled=&#8221;0&#8243;][et_pb_tab title=&#8221;ORGANIZA&#8221; _builder_version=&#8221;4.17.4&#8243; _module_preset=&#8221;default&#8221; global_colors_info=&#8221;{}&#8221;]<\/p>\n<p><a href=\"https:\/\/historiadelderecho.umh.es\/files\/2026\/02\/Logo-HDI-UMH-1.jpg\"><img loading=\"lazy\" class=\"wp-image-3016 alignnone \" src=\"https:\/\/historiadelderecho.umh.es\/files\/2026\/02\/Logo-HDI-UMH-1-300x114.jpg\" alt=\"\" width=\"376\" height=\"143\" srcset=\"https:\/\/historiadelderecho.umh.es\/files\/2026\/02\/Logo-HDI-UMH-1-300x114.jpg 300w, https:\/\/historiadelderecho.umh.es\/files\/2026\/02\/Logo-HDI-UMH-1.jpg 375w\" sizes=\"(max-width: 376px) 100vw, 376px\" \/><\/a> <a href=\"https:\/\/historiadelderecho.umh.es\/files\/2026\/02\/LogoUNED30x30_Color.jpg\"><img loading=\"lazy\" class=\"wp-image-3019 alignnone \" src=\"https:\/\/historiadelderecho.umh.es\/files\/2026\/02\/LogoUNED30x30_Color-300x298.jpg\" alt=\"\" width=\"146\" height=\"145\" srcset=\"https:\/\/historiadelderecho.umh.es\/files\/2026\/02\/LogoUNED30x30_Color-300x298.jpg 300w, https:\/\/historiadelderecho.umh.es\/files\/2026\/02\/LogoUNED30x30_Color-150x150.jpg 150w, https:\/\/historiadelderecho.umh.es\/files\/2026\/02\/LogoUNED30x30_Color.jpg 350w\" sizes=\"(max-width: 146px) 100vw, 146px\" \/><\/a><a href=\"https:\/\/historiadelderecho.umh.es\/files\/2026\/02\/justiciaymemoriahistorica-inicio.png\"><img loading=\"lazy\" class=\"wp-image-3022 alignnone size-medium\" src=\"https:\/\/historiadelderecho.umh.es\/files\/2026\/02\/justiciaymemoriahistorica-inicio-300x169.png\" alt=\"\" width=\"300\" height=\"169\" srcset=\"https:\/\/historiadelderecho.umh.es\/files\/2026\/02\/justiciaymemoriahistorica-inicio-300x169.png 300w, https:\/\/historiadelderecho.umh.es\/files\/2026\/02\/justiciaymemoriahistorica-inicio.png 445w\" sizes=\"(max-width: 300px) 100vw, 300px\" \/><\/a><\/p>\n<p>[\/et_pb_tab][et_pb_tab title=&#8221;FINANCIA&#8221; _builder_version=&#8221;4.17.4&#8243; _module_preset=&#8221;default&#8221; global_colors_info=&#8221;{}&#8221;]<\/p>\n<p><a href=\"https:\/\/historiadelderecho.umh.es\/files\/2026\/02\/miciu-aei.png\"><img loading=\"lazy\" class=\"wp-image-3059  alignleft\" src=\"https:\/\/historiadelderecho.umh.es\/files\/2026\/02\/miciu-aei-300x87.png\" alt=\"\" width=\"348\" height=\"101\" \/><\/a>Proyecto I+D+I de generaci\u00f3n de conocimiento y fortalecimiento cient\u00edfico y tecnol\u00f3gico del Ministerio de Ciencia e Innovaci\u00f3n \u00abEl estado de partidos: ra\u00edces intelectuales, rupturas y respuestas jur\u00eddicas en el marco europeo\u00bb, IP. Remedios Mor\u00e1n y Mar\u00eda Salvador, con REF. PID2021-124531NB-I00<\/p>\n<p>Proyecto I+D+i de generaci\u00f3n de conocimiento y fortalecimiento cient\u00edfico y tecnol\u00f3gico, \u00abClaves de una Justicia resiliente en plena transformaci\u00f3n\u00bb, IP. Sonia Calaza y Jos\u00e9 Carlos Muinelo, del Ministerio de Ciencia e Innovaci\u00f3n, con REF PID2024-155197OB-I00 y en la Red de investigaci\u00f3n: \u00abAlianzas estrat\u00e9gicas de la Justicia: Educaci\u00f3n,<br \/>Igualdad e Inclusividad\u00bb (RED2024-153961-T), coordinada por Sonia Calaza, Programa Estatal de Transferencia y Colaboraci\u00f3n del Ministerio de Ciencia, Innovaci\u00f3n y Universidades, Plan Estatal de Investigaci\u00f3n Cient\u00edfica, T\u00e9cnica y de Innovaci\u00f3n 2024-2027.<\/p>\n<p>[\/et_pb_tab][et_pb_tab title=&#8221;COLABORA&#8221; _builder_version=&#8221;4.17.4&#8243; _module_preset=&#8221;default&#8221; hover_enabled=&#8221;0&#8243; global_colors_info=&#8221;{}&#8221; sticky_enabled=&#8221;0&#8243;]<\/p>\n<p><a href=\"https:\/\/historiadelderecho.umh.es\/files\/2026\/02\/Conselleria_ecue.jpg\"><img loading=\"lazy\" class=\"wp-image-3031  alignleft\" src=\"https:\/\/historiadelderecho.umh.es\/files\/2026\/02\/Conselleria_ecue-300x167.jpg\" alt=\"\" width=\"198\" height=\"110\" \/><\/a><\/p>\n<p>Proyecto \u00abEl Estado de Derecho en crisis: la institucionalizaci\u00f3n de la represi\u00f3n en los reg\u00edmenes autoritarios del s. XX en el sur de Europa\u00bb RESOLUCI\u00d3 de la Direcci\u00f3 General de Ci\u00e8ncia i Investigaci\u00f3, per la qual es concedeixen subvencions a grups d\u2019investigaci\u00f3 emergents GE 2025 (Referencia: CIGE 2024\/227).<\/p>\n<p>&nbsp;<\/p>\n<p><a href=\"https:\/\/historiadelderecho.umh.es\/files\/2026\/04\/aytoOrihuela.png\"><img loading=\"lazy\" class=\"wp-image-3211 alignnone \" src=\"https:\/\/historiadelderecho.umh.es\/files\/2026\/04\/aytoOrihuela-300x93.png\" alt=\"\" width=\"213\" height=\"66\" srcset=\"https:\/\/historiadelderecho.umh.es\/files\/2026\/04\/aytoOrihuela-300x93.png 300w, https:\/\/historiadelderecho.umh.es\/files\/2026\/04\/aytoOrihuela.png 323w\" sizes=\"(max-width: 213px) 100vw, 213px\" \/><\/a><\/p>\n<p><a href=\"https:\/\/historiadelderecho.umh.es\/files\/2026\/02\/Logo-FCSJO-2020-002.png\"><img loading=\"lazy\" class=\"wp-image-3046 alignnone \" src=\"https:\/\/historiadelderecho.umh.es\/files\/2026\/02\/Logo-FCSJO-2020-002-300x106.png\" alt=\"\" width=\"223\" height=\"79\" \/><\/a><\/p>\n<p>[\/et_pb_tab][\/et_pb_tabs][\/et_pb_column][\/et_pb_row][\/et_pb_section]<\/p>\n","protected":false},"excerpt":{"rendered":"<p>PROGRAMA INSCRIPCI\u00d3N La gestaci\u00f3n del Estado democr\u00e1tico en los territorios que conforman el mapa europeo constituy\u00f3 un proceso intrincado, convulso y repleto de vaivenes que se tradujeron en continuos abusos de poder y, paralelamente, en una reiterada adulteraci\u00f3n de los derechos y libertades de la ciudadan\u00eda. En este contexto, en el que la crisis democr\u00e1tica [&hellip;]<\/p>\n","protected":false},"author":3004,"featured_media":0,"parent":0,"menu_order":0,"comment_status":"closed","ping_status":"closed","template":"","meta":{"_et_pb_use_builder":"on","_et_pb_old_content":"","_et_gb_content_width":"","_links_to":"","_links_to_target":""},"_links":{"self":[{"href":"https:\/\/historiadelderecho.umh.es\/en\/wp-json\/wp\/v2\/pages\/3004"}],"collection":[{"href":"https:\/\/historiadelderecho.umh.es\/en\/wp-json\/wp\/v2\/pages"}],"about":[{"href":"https:\/\/historiadelderecho.umh.es\/en\/wp-json\/wp\/v2\/types\/page"}],"author":[{"embeddable":true,"href":"https:\/\/historiadelderecho.umh.es\/en\/wp-json\/wp\/v2\/users\/3004"}],"replies":[{"embeddable":true,"href":"https:\/\/historiadelderecho.umh.es\/en\/wp-json\/wp\/v2\/comments?post=3004"}],"version-history":[{"count":0,"href":"https:\/\/historiadelderecho.umh.es\/en\/wp-json\/wp\/v2\/pages\/3004\/revisions"}],"wp:attachment":[{"href":"https:\/\/historiadelderecho.umh.es\/en\/wp-json\/wp\/v2\/media?parent=3004"}],"curies":[{"name":"wp","href":"https:\/\/api.w.org\/{rel}","templated":true}]}}