{"id":342,"date":"2014-04-29T17:16:13","date_gmt":"2014-04-29T15:16:13","guid":{"rendered":"http:\/\/historiadelderecho.umh.es\/?page_id=342"},"modified":"2021-12-11T09:53:26","modified_gmt":"2021-12-11T08:53:26","slug":"seminario-las-cortes-de-cadiz-y-la-abolicion-de-la-inquisicion","status":"publish","type":"page","link":"https:\/\/historiadelderecho.umh.es\/en\/actividades\/seminariosjornadas\/seminario-las-cortes-de-cadiz-y-la-abolicion-de-la-inquisicion\/","title":{"rendered":"Seminario Las Cortes de C\u00e1diz y la abolici\u00f3n de la Inquisici\u00f3n"},"content":{"rendered":"<p>[et_pb_section fb_built=&#8221;1&#8243; _builder_version=&#8221;3.22&#8243;][et_pb_row _builder_version=&#8221;3.25&#8243; background_size=&#8221;initial&#8221; background_position=&#8221;top_left&#8221; background_repeat=&#8221;repeat&#8221;][et_pb_column type=&#8221;4_4&#8243; _builder_version=&#8221;3.25&#8243; custom_padding=&#8221;|||&#8221; custom_padding__hover=&#8221;|||&#8221;][et_pb_text _builder_version=&#8221;3.27.4&#8243; background_size=&#8221;initial&#8221; background_position=&#8221;top_left&#8221; background_repeat=&#8221;repeat&#8221;]El prof. Jos\u00e9 Antonio Escudero, catedr\u00e1tico de Historia del Derecho y de las Instituciones de la UNED impartir\u00e1 este mi\u00e9rcoles 30 de abril en el Seminario Las Cortes de C\u00e1diz y la abolici\u00f3n de la<i>\u00a0Inquisici\u00f3n Espa\u00f1ola<\/i>. La actividad que se celebrar\u00e1 a las 17.00 h en la Sala Misteri d\u2019Elx (Edif. Torrevaillo) est\u00e1 organizada por el \u00e1rea de Historia del Derecho y de las Instituciones de la UMH en colaboraci\u00f3n con el departamento de Ciencia Jur\u00eddica.<\/p>\n<p>Jos\u00e9 Antonio Escudero es miembro de la Real Academia de la Historia y de la Academia de Legislaci\u00f3n y Jurisprudencia. Asimismo, ha sido investido\u00a0<i>Doctor Honoris Causa<\/i>\u00a0por la Universidad Miguel Hern\u00e1ndez de Elche. Actualmente es director del\u00a0<i>Instituto de Intolerancia. Inquisici\u00f3n y Derechos Humanos<\/i>. Es autor de un buen n\u00famero de publicaciones, siendo especialista en la historia de Inquisici\u00f3n espa\u00f1ola y en el estudio de la Administraci\u00f3n central durante la Edad Moderna. Entre sus numerosas publicaciones destaca las obras\u00a0<i>Perfiles jur\u00eddicos de la Inquisici\u00f3n espa\u00f1ola<\/i>, Madrid, 1992;\u00a0<i>Los secretarios de Estado y del Despacho (1474-1724)<\/i>, Madrid, 1976 y\u00a0<i>Los or\u00edgenes del Consejo de Ministros en Espa\u00f1a<\/i>, Madrid, 1979.<\/p>\n<p>En el encuentro participan, igualmente, los profesores Ricardo G\u00f3mez Rivero y Jos\u00e9 Antonio P\u00e9rez Juan del \u00e1rea de Historia del Derecho y de las Instituciones de la UMH<\/p>\n<p><div id=\"attachment_344\" style=\"width: 310px\" class=\"wp-caption alignleft\"><a href=\"https:\/\/historiadelderecho.umh.es\/files\/2014\/04\/P4300472.jpg\"><img aria-describedby=\"caption-attachment-344\" loading=\"lazy\" class=\"size-medium wp-image-344\" title=\"G\u00f3mez Rivero y P\u00e9rez Juan junto al profesor Escudero\" src=\"https:\/\/historiadelderecho.umh.es\/files\/2014\/04\/P4300472-300x225.jpg\" alt=\"OLYMPUS DIGITAL CAMERA\" width=\"300\" height=\"225\" srcset=\"https:\/\/historiadelderecho.umh.es\/files\/2014\/04\/P4300472-300x225.jpg 300w, https:\/\/historiadelderecho.umh.es\/files\/2014\/04\/P4300472-1024x768.jpg 1024w\" sizes=\"(max-width: 300px) 100vw, 300px\" \/><\/a><p id=\"caption-attachment-344\" class=\"wp-caption-text\">G\u00f3mez Rivero y P\u00e9rez Juan junto al profesor Escudero<\/p><\/div><br \/>\n[\/et_pb_text][\/et_pb_column][\/et_pb_row][\/et_pb_section]<\/p>\n","protected":false},"excerpt":{"rendered":"<p>El prof. Jos\u00e9 Antonio Escudero, catedr\u00e1tico de Historia del Derecho y de las Instituciones de la UNED impartir\u00e1 este mi\u00e9rcoles 30 de abril en el Seminario Las Cortes de C\u00e1diz y la abolici\u00f3n de la\u00a0Inquisici\u00f3n Espa\u00f1ola. La actividad que se celebrar\u00e1 a las 17.00 h en la Sala Misteri d\u2019Elx (Edif. Torrevaillo) est\u00e1 organizada por [&hellip;]<\/p>\n","protected":false},"author":50,"featured_media":0,"parent":24,"menu_order":0,"comment_status":"closed","ping_status":"closed","template":"","meta":{"_et_pb_use_builder":"on","_et_pb_old_content":"<p>El prof. Jos\u00e9 Antonio Escudero, catedr\u00e1tico de Historia del Derecho y de las Instituciones de la UNED impartir\u00e1 este mi\u00e9rcoles 30 de abril en el Seminario Las Cortes de C\u00e1diz y la abolici\u00f3n de la<i>\u00a0Inquisici\u00f3n Espa\u00f1ola<\/i>. La actividad que se celebrar\u00e1 a las 17.00 h en la Sala Misteri d\u2019Elx (Edif. Torrevaillo) est\u00e1 organizada por el \u00e1rea de Historia del Derecho y de las Instituciones de la UMH en colaboraci\u00f3n con el departamento de Ciencia Jur\u00eddica.<\/p><p>Jos\u00e9 Antonio Escudero es miembro de la Real Academia de la Historia y de la Academia de Legislaci\u00f3n y Jurisprudencia. Asimismo, ha sido investido\u00a0<i>Doctor Honoris Causa<\/i>\u00a0por la Universidad Miguel Hern\u00e1ndez de Elche. Actualmente es director del\u00a0<i>Instituto de Intolerancia. Inquisici\u00f3n y Derechos Humanos<\/i>. Es autor de un buen n\u00famero de publicaciones, siendo especialista en la historia de Inquisici\u00f3n espa\u00f1ola y en el estudio de la Administraci\u00f3n central durante la Edad Moderna. Entre sus numerosas publicaciones destaca las obras\u00a0<i>Perfiles jur\u00eddicos de la Inquisici\u00f3n espa\u00f1ola<\/i>, Madrid, 1992;\u00a0<i>Los secretarios de Estado y del Despacho (1474-1724)<\/i>, Madrid, 1976 y\u00a0<i>Los or\u00edgenes del Consejo de Ministros en Espa\u00f1a<\/i>, Madrid, 1979.<\/p><p>En el encuentro participan, igualmente, los profesores Ricardo G\u00f3mez Rivero y Jos\u00e9 Antonio P\u00e9rez Juan del \u00e1rea de Historia del Derecho y de las Instituciones de la UMH<\/p>[caption id=\"attachment_344\" align=\"alignleft\" width=\"300\"]<a href=\"https:\/\/historiadelderecho.umh.es\/files\/2014\/04\/P4300472.jpg\"><img class=\"size-medium wp-image-344\" title=\"G\u00f3mez Rivero y P\u00e9rez Juan junto al profesor Escudero\" src=\"https:\/\/historiadelderecho.umh.es\/files\/2014\/04\/P4300472-300x225.jpg\" alt=\"OLYMPUS DIGITAL CAMERA\" width=\"300\" height=\"225\" \/><\/a> G\u00f3mez Rivero y P\u00e9rez Juan junto al profesor Escudero[\/caption]","_et_gb_content_width":"","_links_to":"","_links_to_target":""},"_links":{"self":[{"href":"https:\/\/historiadelderecho.umh.es\/en\/wp-json\/wp\/v2\/pages\/342"}],"collection":[{"href":"https:\/\/historiadelderecho.umh.es\/en\/wp-json\/wp\/v2\/pages"}],"about":[{"href":"https:\/\/historiadelderecho.umh.es\/en\/wp-json\/wp\/v2\/types\/page"}],"author":[{"embeddable":true,"href":"https:\/\/historiadelderecho.umh.es\/en\/wp-json\/wp\/v2\/users\/50"}],"replies":[{"embeddable":true,"href":"https:\/\/historiadelderecho.umh.es\/en\/wp-json\/wp\/v2\/comments?post=342"}],"version-history":[{"count":0,"href":"https:\/\/historiadelderecho.umh.es\/en\/wp-json\/wp\/v2\/pages\/342\/revisions"}],"up":[{"embeddable":true,"href":"https:\/\/historiadelderecho.umh.es\/en\/wp-json\/wp\/v2\/pages\/24"}],"wp:attachment":[{"href":"https:\/\/historiadelderecho.umh.es\/en\/wp-json\/wp\/v2\/media?parent=342"}],"curies":[{"name":"wp","href":"https:\/\/api.w.org\/{rel}","templated":true}]}}