{"id":462,"date":"2016-03-23T12:28:26","date_gmt":"2016-03-23T11:28:26","guid":{"rendered":"http:\/\/historiadelderecho.umh.es\/?page_id=462"},"modified":"2021-12-11T10:04:09","modified_gmt":"2021-12-11T09:04:09","slug":"ecos-de-la-constitucion-gaditana-de-1812-en-la-prensa-siciliana-del-periodo-ingles-1806-1814","status":"publish","type":"page","link":"https:\/\/historiadelderecho.umh.es\/en\/actividades\/charlas-conferencias\/ecos-de-la-constitucion-gaditana-de-1812-en-la-prensa-siciliana-del-periodo-ingles-1806-1814\/","title":{"rendered":"Ecos de la Constituci\u00f3n Gaditana de 1812 en la prensa siciliana del periodo ingl\u00e9s (1806-1814)"},"content":{"rendered":"<p>[et_pb_section fb_built=&#8221;1&#8243; _builder_version=&#8221;3.22&#8243;][et_pb_row _builder_version=&#8221;3.25&#8243; background_size=&#8221;initial&#8221; background_position=&#8221;top_left&#8221; background_repeat=&#8221;repeat&#8221;][et_pb_column type=&#8221;4_4&#8243; _builder_version=&#8221;3.25&#8243; custom_padding=&#8221;|||&#8221; custom_padding__hover=&#8221;|||&#8221;][et_pb_text _builder_version=&#8221;3.27.4&#8243; background_size=&#8221;initial&#8221; background_position=&#8221;top_left&#8221; background_repeat=&#8221;repeat&#8221;]<\/p>\n<p style=\"text-align: justify\">La \u00a0Prof\u00aa Dra. Patrizia De Salvo, de la Un<a href=\"https:\/\/historiadelderecho.umh.es\/files\/2016\/03\/CARTEL-ORIHUELA.jpg\"><img loading=\"lazy\" class=\" wp-image-463 alignleft\" src=\"https:\/\/historiadelderecho.umh.es\/files\/2016\/03\/CARTEL-ORIHUELA-212x300.jpg\" alt=\"CARTEL ORIHUELA\" width=\"274\" height=\"388\" srcset=\"https:\/\/historiadelderecho.umh.es\/files\/2016\/03\/CARTEL-ORIHUELA-212x300.jpg 212w, https:\/\/historiadelderecho.umh.es\/files\/2016\/03\/CARTEL-ORIHUELA-724x1024.jpg 724w, https:\/\/historiadelderecho.umh.es\/files\/2016\/03\/CARTEL-ORIHUELA.jpg 1240w\" sizes=\"(max-width: 274px) 100vw, 274px\" \/><\/a>iversit\u00e0 Degli Studi Di Messina, impartir\u00e1 el d\u00eda 12 de abril, el Seminario titulado \u201cEcos de la Constituci\u00f3n Gaditana de 1812 en la prensa siciliana del periodo ingl\u00e9s (1806-1814)\u201d.<\/p>\n<p style=\"text-align: justify\">Patrizia De Salvo cuenta con una destacada trayectoria investigadora en el campo de la Historia de las Instituciones Pol\u00edticas. Entre sus numerosas publicaciones cabe destacar, su contribuci\u00f3n en el n\u00famero 19 de la Revista \u201cCuadernos de Ilustraci\u00f3n y Romanticismo\u201d, en el que estudia el tema que va ser objeto de su conferencia.<\/p>\n<p style=\"text-align: justify\">En su disertaci\u00f3n nos hablar\u00e1 de c\u00f3mo la prensa siciliana se hizo eco de los acontecimientos que ocurrieron en Espa\u00f1a durante la guerra de la Independencia, contribuyendo a \u00a0la divulgaci\u00f3n del importante trabajo llevado a Cabo por las Cortes gaditanas de afirmaci\u00f3n de los principios constitucionales, con el objetivo de hacer de pa\u00eds una naci\u00f3n libre e independiente.<\/p>\n<p style=\"text-align: justify\">El acto, que ha sido organizado por el \u00c1rea de Historia del Derecho y de las Instituciones, en colaboraci\u00f3n con el Departamento de Ciencia Jur\u00eddica y la Facultad de Ciencias Sociales y Jur\u00eddicas de Orihuela, se realizar\u00e1 el citado d\u00eda a las 16:00h en el aula 2.1 A del Edificio Casa del Paso\u00a0sito en el Campus de Orihuela, Sede Salesas.<\/p>\n<p style=\"text-align: justify\">Los interesados en asistir deber\u00e1n formalizar su inscripci\u00f3n a trav\u00e9s del siguiente enlace:<\/p>\n<p><a href=\"http:\/\/goo.gl\/forms\/puhR9RRmIt\"><img loading=\"lazy\" class=\" wp-image-402 aligncenter\" src=\"https:\/\/historiadelderecho.umh.es\/files\/2015\/10\/INSCRIBETE-AHORA-300x116.png\" alt=\"INSCRIBETE AHORA\" width=\"238\" height=\"92\" srcset=\"https:\/\/historiadelderecho.umh.es\/files\/2015\/10\/INSCRIBETE-AHORA-300x116.png 300w, https:\/\/historiadelderecho.umh.es\/files\/2015\/10\/INSCRIBETE-AHORA.png 400w\" sizes=\"(max-width: 238px) 100vw, 238px\" \/><\/a><br \/>\n[\/et_pb_text][\/et_pb_column][\/et_pb_row][\/et_pb_section]<\/p>\n","protected":false},"excerpt":{"rendered":"<p>La \u00a0Prof\u00aa Dra. Patrizia De Salvo, de la Universit\u00e0 Degli Studi Di Messina, impartir\u00e1 el d\u00eda 12 de abril, el Seminario titulado \u201cEcos de la Constituci\u00f3n Gaditana de 1812 en la prensa siciliana del periodo ingl\u00e9s (1806-1814)\u201d. Patrizia De Salvo cuenta con una destacada trayectoria investigadora en el campo de la Historia de las Instituciones [&hellip;]<\/p>\n","protected":false},"author":3004,"featured_media":0,"parent":25,"menu_order":0,"comment_status":"closed","ping_status":"closed","template":"","meta":{"_et_pb_use_builder":"on","_et_pb_old_content":"<p style=\"text-align: justify;\">La \u00a0Prof\u00aa Dra. Patrizia De Salvo, de la Un<a href=\"https:\/\/historiadelderecho.umh.es\/files\/2016\/03\/CARTEL-ORIHUELA.jpg\"><img class=\" wp-image-463 alignleft\" src=\"https:\/\/historiadelderecho.umh.es\/files\/2016\/03\/CARTEL-ORIHUELA-212x300.jpg\" alt=\"CARTEL ORIHUELA\" width=\"274\" height=\"388\" \/><\/a>iversit\u00e0 Degli Studi Di Messina, impartir\u00e1 el d\u00eda 12 de abril, el Seminario titulado \u201cEcos de la Constituci\u00f3n Gaditana de 1812 en la prensa siciliana del periodo ingl\u00e9s (1806-1814)\u201d.<\/p><p style=\"text-align: justify;\">Patrizia De Salvo cuenta con una destacada trayectoria investigadora en el campo de la Historia de las Instituciones Pol\u00edticas. Entre sus numerosas publicaciones cabe destacar, su contribuci\u00f3n en el n\u00famero 19 de la Revista \u201cCuadernos de Ilustraci\u00f3n y Romanticismo\u201d, en el que estudia el tema que va ser objeto de su conferencia.<\/p><p style=\"text-align: justify;\">En su disertaci\u00f3n nos hablar\u00e1 de c\u00f3mo la prensa siciliana se hizo eco de los acontecimientos que ocurrieron en Espa\u00f1a durante la guerra de la Independencia, contribuyendo a \u00a0la divulgaci\u00f3n del importante trabajo llevado a Cabo por las Cortes gaditanas de afirmaci\u00f3n de los principios constitucionales, con el objetivo de hacer de pa\u00eds una naci\u00f3n libre e independiente.<\/p><p style=\"text-align: justify;\">El acto, que ha sido organizado por el \u00c1rea de Historia del Derecho y de las Instituciones, en colaboraci\u00f3n con el Departamento de Ciencia Jur\u00eddica y la Facultad de Ciencias Sociales y Jur\u00eddicas de Orihuela, se realizar\u00e1 el citado d\u00eda a las 16:00h en el aula 2.1 A del Edificio Casa del Paso\u00a0sito en el Campus de Orihuela, Sede Salesas.<\/p><p style=\"text-align: justify;\">Los interesados en asistir deber\u00e1n formalizar su inscripci\u00f3n a trav\u00e9s del siguiente enlace:<\/p><p><a href=\"http:\/\/goo.gl\/forms\/puhR9RRmIt\"><img class=\" wp-image-402 aligncenter\" src=\"https:\/\/historiadelderecho.umh.es\/files\/2015\/10\/INSCRIBETE-AHORA-300x116.png\" alt=\"INSCRIBETE AHORA\" width=\"238\" height=\"92\" \/><\/a><\/p>","_et_gb_content_width":"","_links_to":"","_links_to_target":""},"_links":{"self":[{"href":"https:\/\/historiadelderecho.umh.es\/en\/wp-json\/wp\/v2\/pages\/462"}],"collection":[{"href":"https:\/\/historiadelderecho.umh.es\/en\/wp-json\/wp\/v2\/pages"}],"about":[{"href":"https:\/\/historiadelderecho.umh.es\/en\/wp-json\/wp\/v2\/types\/page"}],"author":[{"embeddable":true,"href":"https:\/\/historiadelderecho.umh.es\/en\/wp-json\/wp\/v2\/users\/3004"}],"replies":[{"embeddable":true,"href":"https:\/\/historiadelderecho.umh.es\/en\/wp-json\/wp\/v2\/comments?post=462"}],"version-history":[{"count":0,"href":"https:\/\/historiadelderecho.umh.es\/en\/wp-json\/wp\/v2\/pages\/462\/revisions"}],"up":[{"embeddable":true,"href":"https:\/\/historiadelderecho.umh.es\/en\/wp-json\/wp\/v2\/pages\/25"}],"wp:attachment":[{"href":"https:\/\/historiadelderecho.umh.es\/en\/wp-json\/wp\/v2\/media?parent=462"}],"curies":[{"name":"wp","href":"https:\/\/api.w.org\/{rel}","templated":true}]}}