{"id":480,"date":"2016-10-26T18:40:27","date_gmt":"2016-10-26T16:40:27","guid":{"rendered":"http:\/\/historiadelderecho.umh.es\/?page_id=480"},"modified":"2021-12-11T09:40:44","modified_gmt":"2021-12-11T08:40:44","slug":"seminario-internacional-orden-publico-y-poder-judicial-en-el-pais-valenciano-durante-la-segunda-republica-la-guerra-civil-y-el-primer-franquismo","status":"publish","type":"page","link":"https:\/\/historiadelderecho.umh.es\/en\/actividades\/seminariosjornadas\/seminario-internacional-orden-publico-y-poder-judicial-en-el-pais-valenciano-durante-la-segunda-republica-la-guerra-civil-y-el-primer-franquismo\/","title":{"rendered":"Seminario Internacional Orden P\u00fablico y Poder Judicial en el Pa\u00eds Valenciano durante la Segunda Rep\u00fablica, la Guerra Civil y el primer Franquismo"},"content":{"rendered":"<p>[et_pb_section fb_built=&#8221;1&#8243; _builder_version=&#8221;3.22&#8243;][et_pb_row _builder_version=&#8221;3.25&#8243; background_size=&#8221;initial&#8221; background_position=&#8221;top_left&#8221; background_repeat=&#8221;repeat&#8221;][et_pb_column type=&#8221;4_4&#8243; _builder_version=&#8221;3.25&#8243; custom_padding=&#8221;|||&#8221; custom_padding__hover=&#8221;|||&#8221;][et_pb_text _builder_version=&#8221;3.27.4&#8243; background_size=&#8221;initial&#8221; background_position=&#8221;top_left&#8221; background_repeat=&#8221;repeat&#8221;]<\/p>\n<p style=\"text-align: justify\"><a href=\"https:\/\/historiadelderecho.umh.es\/actividades\/seminariosjornadas\/seminario-internacional-orden-publico-y-poder-judicial-en-el-pais-valenciano-durante-la-segunda-republica-la-guerra-civil-y-el-primer-franquismo\/ramon_casas_charge\/\" rel=\"attachment wp-att-488\"><img loading=\"lazy\" class=\"alignleft size-medium wp-image-488\" src=\"https:\/\/historiadelderecho.umh.es\/files\/2016\/10\/Ramon_Casas_Charge-300x191.jpg\" alt=\"ramon_casas_charge\" width=\"300\" height=\"191\" srcset=\"https:\/\/historiadelderecho.umh.es\/files\/2016\/10\/Ramon_Casas_Charge-300x191.jpg 300w, https:\/\/historiadelderecho.umh.es\/files\/2016\/10\/Ramon_Casas_Charge-768x488.jpg 768w, https:\/\/historiadelderecho.umh.es\/files\/2016\/10\/Ramon_Casas_Charge.jpg 800w\" sizes=\"(max-width: 300px) 100vw, 300px\" \/><\/a><\/p>\n<p style=\"text-align: justify\">El seminario internacional \u201cOrden p\u00fablico y Poder Judicial en en Pa\u00eds Valenciano durante la Segunda Rep\u00fablica, la Guerra Civil y el primer franquismo\u201d pretende conocer, difundir y concienciar sobre lo sucedido en el pasado.\u00a0\u00a0 Ninguna etapa de nuestra historia es tan rica en matices, tan convulsa, tan compleja, tan violenta y tan triste como la que tomamos de referencia. Jam\u00e1s se ha dado mayor radicalizaci\u00f3n, mayor desprecio a las libertades, mayor intransigencia, mayor confrontaci\u00f3n que en este periodo de lucha pol\u00edtica primero, f\u00edsica despu\u00e9s y de venganza y represi\u00f3n como dram\u00e1tico colof\u00f3n final. Y todo esto no se puede manifestar con mayor claridad, con mayor evidencia que en la repercusi\u00f3n que tuvo sobre la pol\u00edtica de orden P\u00fablico y la Administraci\u00f3n de Justicia. Por tanto aunque tan vieja como la cultura occidental, en definitiva se propone retornar a la consideraci\u00f3n ciceroniana de la Historia como maestra de la vida.<\/p>\n<p style=\"text-align: justify\">Porque conocer nuestra historia, aunque sea complejo y poco afable es \u00fatil para, como dicen las bases de la convocatoria, <em>\u201cfavorecer la convivencia democr\u00e1tica y el desarrollo de las libertades democr\u00e1ticas\u201d. <\/em>Solo conociendo el pasado podemos evitar la repetici\u00f3n de los errores. En estos mismos t\u00e9rminos se expresaba Marc Bloch , poco antes de ser fusilado por los nazis, por su doble condici\u00f3n de miembro de la Resistencia y de Jud\u00edo, al escribir su \u201cApolog\u00eda de la Historia\u201d afirmaba:<\/p>\n<p style=\"text-align: justify\">\u201c(.<em>..) la historia quiere aprehender a los hombres. Quien no lo logre no pasar\u00e1 jam\u00e1s, en el mejor de los casos, de ser un obrero manual de la erudici\u00f3n. All\u00ed donde huele la carne humana, sabe que est\u00e1 su presa\u201d.<\/em><\/p>\n<ul>\n<li style=\"text-align: justify\"><a href=\"https:\/\/historiadelderecho.umh.es\/actividades\/seminariosjornadas\/seminario-internacional-orden-publico-y-poder-judicial-en-el-pais-valenciano-durante-la-segunda-republica-la-guerra-civil-y-el-primer-franquismo\/programa-seminario-internacional-orden-publico-y-justicia\/\"><strong>PROGRAMA<\/strong><\/a><\/li>\n<li><a href=\"https:\/\/historiadelderecho.umh.es\/actividades\/seminariosjornadas\/seminario-internacional-orden-publico-y-poder-judicial-en-el-pais-valenciano-durante-la-segunda-republica-la-guerra-civil-y-el-primer-franquismo\/inscripcion-seminario-orden-publico-y-justicia\/\"><strong>INSCRIPCI\u00d3N<\/strong><\/a><\/li>\n<\/ul>\n<table class=\"alignleft\" border=\"1\" width=\"800\" cellspacing=\"0\" cellpadding=\"0\">\n<tbody>\n<tr>\n<td valign=\"top\" width=\"280\"><strong>Organiza:<\/strong><\/p>\n<p>Prof. Dr. Jos\u00e9 A. P\u00e9rez Juan<\/p>\n<p>Prof. D\u00f1a. Sara Moreno Tejada<\/p>\n<p>C\u00e1tedra de Historia del Derecho y de las Instituciones<\/p>\n<p>Dpto. Ciencia Jur\u00eddica<\/td>\n<td valign=\"top\"><strong>Patrocina:<\/strong><\/p>\n<p>Conselleria de Justicia, Administraci\u00f3n P\u00fablica, Reformas Democr\u00e1ticas y Libertades P\u00fablicas<\/p>\n<p><a href=\"https:\/\/historiadelderecho.umh.es\/logo_gobernacion-jpg\/\"><img loading=\"lazy\" class=\"alignleft size-full wp-image-487\" src=\"https:\/\/historiadelderecho.umh.es\/files\/2016\/10\/logo_gobernacion.jpg.png\" alt=\"logo_gobernacion-jpg\" width=\"270\" height=\"60\" \/><\/a><\/td>\n<\/tr>\n<\/tbody>\n<\/table>\n<p>[\/et_pb_text][\/et_pb_column][\/et_pb_row][\/et_pb_section]<\/p>\n","protected":false},"excerpt":{"rendered":"<p>El seminario internacional \u201cOrden p\u00fablico y Poder Judicial en en Pa\u00eds Valenciano durante la Segunda Rep\u00fablica, la Guerra Civil y el primer franquismo\u201d pretende conocer, difundir y concienciar sobre lo sucedido en el pasado.\u00a0\u00a0 Ninguna etapa de nuestra historia es tan rica en matices, tan convulsa, tan compleja, tan violenta y tan triste como la [&hellip;]<\/p>\n","protected":false},"author":50,"featured_media":0,"parent":24,"menu_order":0,"comment_status":"closed","ping_status":"closed","template":"","meta":{"_et_pb_use_builder":"on","_et_pb_old_content":"<p style=\"text-align: justify;\"><a href=\"https:\/\/historiadelderecho.umh.es\/actividades\/seminariosjornadas\/seminario-internacional-orden-publico-y-poder-judicial-en-el-pais-valenciano-durante-la-segunda-republica-la-guerra-civil-y-el-primer-franquismo\/ramon_casas_charge\/\" rel=\"attachment wp-att-488\"><img class=\"alignleft size-medium wp-image-488\" src=\"https:\/\/historiadelderecho.umh.es\/files\/2016\/10\/Ramon_Casas_Charge-300x191.jpg\" alt=\"ramon_casas_charge\" width=\"300\" height=\"191\" \/><\/a><\/p><p style=\"text-align: justify;\">El seminario internacional \u201cOrden p\u00fablico y Poder Judicial en en Pa\u00eds Valenciano durante la Segunda Rep\u00fablica, la Guerra Civil y el primer franquismo\u201d pretende conocer, difundir y concienciar sobre lo sucedido en el pasado.\u00a0\u00a0 Ninguna etapa de nuestra historia es tan rica en matices, tan convulsa, tan compleja, tan violenta y tan triste como la que tomamos de referencia. Jam\u00e1s se ha dado mayor radicalizaci\u00f3n, mayor desprecio a las libertades, mayor intransigencia, mayor confrontaci\u00f3n que en este periodo de lucha pol\u00edtica primero, f\u00edsica despu\u00e9s y de venganza y represi\u00f3n como dram\u00e1tico colof\u00f3n final. Y todo esto no se puede manifestar con mayor claridad, con mayor evidencia que en la repercusi\u00f3n que tuvo sobre la pol\u00edtica de orden P\u00fablico y la Administraci\u00f3n de Justicia. Por tanto aunque tan vieja como la cultura occidental, en definitiva se propone retornar a la consideraci\u00f3n ciceroniana de la Historia como maestra de la vida.<\/p><p style=\"text-align: justify;\">Porque conocer nuestra historia, aunque sea complejo y poco afable es \u00fatil para, como dicen las bases de la convocatoria, <em>\u201cfavorecer la convivencia democr\u00e1tica y el desarrollo de las libertades democr\u00e1ticas\u201d. <\/em>Solo conociendo el pasado podemos evitar la repetici\u00f3n de los errores. En estos mismos t\u00e9rminos se expresaba Marc Bloch , poco antes de ser fusilado por los nazis, por su doble condici\u00f3n de miembro de la Resistencia y de Jud\u00edo, al escribir su \u201cApolog\u00eda de la Historia\u201d afirmaba:<\/p><p style=\"text-align: justify;\">\u201c(.<em>..) la historia quiere aprehender a los hombres. Quien no lo logre no pasar\u00e1 jam\u00e1s, en el mejor de los casos, de ser un obrero manual de la erudici\u00f3n. All\u00ed donde huele la carne humana, sabe que est\u00e1 su presa\u201d.<\/em><\/p><ul><li style=\"text-align: justify;\"><a href=\"https:\/\/historiadelderecho.umh.es\/actividades\/seminariosjornadas\/seminario-internacional-orden-publico-y-poder-judicial-en-el-pais-valenciano-durante-la-segunda-republica-la-guerra-civil-y-el-primer-franquismo\/programa-seminario-internacional-orden-publico-y-justicia\/\"><strong>PROGRAMA<\/strong><\/a><\/li><li><a href=\"https:\/\/historiadelderecho.umh.es\/actividades\/seminariosjornadas\/seminario-internacional-orden-publico-y-poder-judicial-en-el-pais-valenciano-durante-la-segunda-republica-la-guerra-civil-y-el-primer-franquismo\/inscripcion-seminario-orden-publico-y-justicia\/\"><strong>INSCRIPCI\u00d3N<\/strong><\/a><\/li><\/ul><table class=\"alignleft\" border=\"1\" width=\"800\" cellspacing=\"0\" cellpadding=\"0\"><tbody><tr><td valign=\"top\" width=\"280\"><p><strong>Organiza:<\/strong><\/p><p>Prof. Dr. Jos\u00e9 A. P\u00e9rez Juan<\/p><p>Prof. D\u00f1a. Sara Moreno Tejada<\/p><p>C\u00e1tedra de Historia del Derecho y de las Instituciones<\/p><p>Dpto. Ciencia Jur\u00eddica<\/p><\/td><td valign=\"top\"><p><strong>Patrocina:<\/strong><\/p><p>Conselleria de Justicia, Administraci\u00f3n P\u00fablica, Reformas Democr\u00e1ticas y Libertades P\u00fablicas<\/p><p><a href=\"https:\/\/historiadelderecho.umh.es\/logo_gobernacion-jpg\/\"><img class=\"alignleft size-full wp-image-487\" src=\"https:\/\/historiadelderecho.umh.es\/files\/2016\/10\/logo_gobernacion.jpg.png\" alt=\"logo_gobernacion-jpg\" width=\"270\" height=\"60\" \/><\/a><\/p><\/td><\/tr><\/tbody><\/table>","_et_gb_content_width":"","_links_to":"","_links_to_target":""},"_links":{"self":[{"href":"https:\/\/historiadelderecho.umh.es\/en\/wp-json\/wp\/v2\/pages\/480"}],"collection":[{"href":"https:\/\/historiadelderecho.umh.es\/en\/wp-json\/wp\/v2\/pages"}],"about":[{"href":"https:\/\/historiadelderecho.umh.es\/en\/wp-json\/wp\/v2\/types\/page"}],"author":[{"embeddable":true,"href":"https:\/\/historiadelderecho.umh.es\/en\/wp-json\/wp\/v2\/users\/50"}],"replies":[{"embeddable":true,"href":"https:\/\/historiadelderecho.umh.es\/en\/wp-json\/wp\/v2\/comments?post=480"}],"version-history":[{"count":0,"href":"https:\/\/historiadelderecho.umh.es\/en\/wp-json\/wp\/v2\/pages\/480\/revisions"}],"up":[{"embeddable":true,"href":"https:\/\/historiadelderecho.umh.es\/en\/wp-json\/wp\/v2\/pages\/24"}],"wp:attachment":[{"href":"https:\/\/historiadelderecho.umh.es\/en\/wp-json\/wp\/v2\/media?parent=480"}],"curies":[{"name":"wp","href":"https:\/\/api.w.org\/{rel}","templated":true}]}}