{"id":587,"date":"2017-10-05T00:06:43","date_gmt":"2017-10-04T22:06:43","guid":{"rendered":"https:\/\/historiadelderecho.umh.es\/?page_id=587"},"modified":"2021-12-11T09:39:09","modified_gmt":"2021-12-11T08:39:09","slug":"ii-seminario-de-formacion-para-el-uso-de-recursos-en-linea-aplicados-a-la-memoria-democratica-valenciana","status":"publish","type":"page","link":"https:\/\/historiadelderecho.umh.es\/en\/actividades\/seminariosjornadas\/ii-seminario-de-formacion-para-el-uso-de-recursos-en-linea-aplicados-a-la-memoria-democratica-valenciana\/","title":{"rendered":"II Seminario de formaci\u00f3n para el uso de recursos en l\u00ednea aplicados a la memoria democr\u00e1tica valenciana"},"content":{"rendered":"<p>[et_pb_section fb_built=&#8221;1&#8243; _builder_version=&#8221;3.22&#8243;][et_pb_row _builder_version=&#8221;3.25&#8243; background_size=&#8221;initial&#8221; background_position=&#8221;top_left&#8221; background_repeat=&#8221;repeat&#8221;][et_pb_column type=&#8221;4_4&#8243; _builder_version=&#8221;3.25&#8243; custom_padding=&#8221;|||&#8221; custom_padding__hover=&#8221;|||&#8221;][et_pb_text _builder_version=&#8221;3.27.4&#8243; background_size=&#8221;initial&#8221; background_position=&#8221;top_left&#8221; background_repeat=&#8221;repeat&#8221;]<a href=\"https:\/\/historiadelderecho.umh.es\/files\/2017\/10\/CARTEL.jpg\"><img loading=\"lazy\" class=\"wp-image-611 alignleft\" src=\"https:\/\/historiadelderecho.umh.es\/files\/2017\/10\/CARTEL-791x1024.jpg\" alt=\"\" width=\"396\" height=\"512\" srcset=\"https:\/\/historiadelderecho.umh.es\/files\/2017\/10\/CARTEL-791x1024.jpg 791w, https:\/\/historiadelderecho.umh.es\/files\/2017\/10\/CARTEL-232x300.jpg 232w, https:\/\/historiadelderecho.umh.es\/files\/2017\/10\/CARTEL-768x994.jpg 768w, https:\/\/historiadelderecho.umh.es\/files\/2017\/10\/CARTEL.jpg 1275w\" sizes=\"(max-width: 396px) 100vw, 396px\" \/><\/a><\/p>\n<p><span style=\"color: #ffffff\">o<\/span><\/p>\n<p><span style=\"color: #ffffff\">o<\/span><\/p>\n<p><span style=\"color: #ffffff\">o<\/span><\/p>\n<p style=\"text-align: justify\">Del 17 al 26 de octubre de 2017 en horario de\u00a0 17:00 a 19:00h, tendr\u00e1 lugar el &#8220;<em>II Seminario de Formaci\u00f3n para el uso de recursos en l\u00ednea aplicados a la Memoria democr\u00e1tica valenciana&#8221;.\u00a0<\/em>A lo largo de las distintas sesiones Francisco Rojas Claros nos instruir\u00e1 sobre el manejo de las distintas aplicaciones inform\u00e1ticas; la utilizaci\u00f3n de los recursos bibliogr\u00e1ficos, hemerogr\u00e1ficos e inform\u00e1ticos; y el tratamiento de los documentos de los distintos archivos relacionados con la represi\u00f3n durante\u00a0 la II Rep\u00fablica, la Guerra Civil y la dictadura de Franco.<\/p>\n<p><span style=\"color: #ffffff\">o<\/span><\/p>\n<p><strong>Organiza y coordina:<\/strong><\/p>\n<p>Prof. Dr. Jos\u00e9 A. P\u00e9rez Juan<\/p>\n<p>Prof. Dr. Francisco Sevillano Calero<\/p>\n<p><strong>Secretaria t\u00e9cnica: <\/strong>Prof. D\u00f1a. Sara Moreno Tejada<\/p>\n<p><strong>Patrocina y colabora:<\/strong><\/p>\n<p style=\"text-align: justify\"><a href=\"https:\/\/historiadelderecho.umh.es\/actividades\/congresos\/congreso-internacional-el-poder-judicial-durante-la-republica-la-guerra-civil-y-el-franquismo-represion-y-orden-publico\/conselleria-new\/\" rel=\"attachment wp-att-650\"><img loading=\"lazy\" class=\"alignleft size-medium wp-image-650\" src=\"https:\/\/historiadelderecho.umh.es\/files\/2017\/10\/Conselleria-New-300x164.png\" alt=\"\" width=\"300\" height=\"164\" srcset=\"https:\/\/historiadelderecho.umh.es\/files\/2017\/10\/Conselleria-New-300x164.png 300w, https:\/\/historiadelderecho.umh.es\/files\/2017\/10\/Conselleria-New-768x419.png 768w, https:\/\/historiadelderecho.umh.es\/files\/2017\/10\/Conselleria-New.png 825w\" sizes=\"(max-width: 300px) 100vw, 300px\" \/><\/a><\/p>\n<p class=\"p1\" style=\"text-align: justify\"><a href=\"https:\/\/historiadelderecho.umh.es\/actividades\/seminariosjornadas\/ii-seminario-de-formacion-para-el-uso-de-recursos-en-linea-aplicados-a-la-memoria-democratica-valenciana\/catedra-interuniversitaria\/\" rel=\"attachment wp-att-653\"><img loading=\"lazy\" class=\"alignleft size-medium wp-image-653\" src=\"https:\/\/historiadelderecho.umh.es\/files\/2017\/10\/Catedra-interuniversitaria--300x112.png\" alt=\"\" width=\"300\" height=\"112\" srcset=\"https:\/\/historiadelderecho.umh.es\/files\/2017\/10\/Catedra-interuniversitaria--300x112.png 300w, https:\/\/historiadelderecho.umh.es\/files\/2017\/10\/Catedra-interuniversitaria--768x287.png 768w, https:\/\/historiadelderecho.umh.es\/files\/2017\/10\/Catedra-interuniversitaria--1024x382.png 1024w, https:\/\/historiadelderecho.umh.es\/files\/2017\/10\/Catedra-interuniversitaria-.png 1334w\" sizes=\"(max-width: 300px) 100vw, 300px\" \/><\/a>Resoluci\u00f3n de 23 de marzo de 2017, de la Conselleria de Justicia, Administraci\u00f3n P\u00fablica, Reformas Democr\u00e1ticas y Libertades P\u00fablicas, por la que se convocan, para el a\u00f1o 2017, subvenciones para la realizaci\u00f3n de proyectos e iniciativas en materia de recuperaci\u00f3n de la memoria hist\u00f3rica, en aras a la promoci\u00f3n de la convivencia democr\u00e1tica, y proyectos e iniciativas que promuevan el desarrollo de derechos y libertades fundamentales, desarrolladas por las Universidades de la Comunitat Valenciana.<\/p>\n<p>[\/et_pb_text][\/et_pb_column][\/et_pb_row][\/et_pb_section]<\/p>\n","protected":false},"excerpt":{"rendered":"<p>o o o Del 17 al 26 de octubre de 2017 en horario de\u00a0 17:00 a 19:00h, tendr\u00e1 lugar el &#8220;II Seminario de Formaci\u00f3n para el uso de recursos en l\u00ednea aplicados a la Memoria democr\u00e1tica valenciana&#8221;.\u00a0A lo largo de las distintas sesiones Francisco Rojas Claros nos instruir\u00e1 sobre el manejo de las distintas aplicaciones [&hellip;]<\/p>\n","protected":false},"author":3004,"featured_media":0,"parent":24,"menu_order":0,"comment_status":"closed","ping_status":"closed","template":"","meta":{"_et_pb_use_builder":"on","_et_pb_old_content":"<p><a href=\"https:\/\/historiadelderecho.umh.es\/files\/2017\/10\/CARTEL.jpg\"><img class=\"wp-image-611 alignleft\" src=\"https:\/\/historiadelderecho.umh.es\/files\/2017\/10\/CARTEL-791x1024.jpg\" alt=\"\" width=\"396\" height=\"512\" \/><\/a><\/p><p><span style=\"color: #ffffff;\">o<\/span><\/p><p><span style=\"color: #ffffff;\">o<\/span><\/p><p><span style=\"color: #ffffff;\">o<\/span><\/p><p style=\"text-align: justify;\">Del 17 al 26 de octubre de 2017 en horario de\u00a0 17:00 a 19:00h, tendr\u00e1 lugar el \"<em>II Seminario de Formaci\u00f3n para el uso de recursos en l\u00ednea aplicados a la Memoria democr\u00e1tica valenciana\".\u00a0<\/em>A lo largo de las distintas sesiones Francisco Rojas Claros nos instruir\u00e1 sobre el manejo de las distintas aplicaciones inform\u00e1ticas; la utilizaci\u00f3n de los recursos bibliogr\u00e1ficos, hemerogr\u00e1ficos e inform\u00e1ticos; y el tratamiento de los documentos de los distintos archivos relacionados con la represi\u00f3n durante\u00a0 la II Rep\u00fablica, la Guerra Civil y la dictadura de Franco.<\/p><p><span style=\"color: #ffffff;\">o<\/span><\/p><p><strong>Organiza y coordina:<\/strong><\/p><p>Prof. Dr. Jos\u00e9 A. P\u00e9rez Juan<\/p><p>Prof. Dr. Francisco Sevillano Calero<\/p><p><strong>Secretaria t\u00e9cnica: <\/strong>Prof. D\u00f1a. Sara Moreno Tejada<\/p><p><strong>Patrocina y colabora:<\/strong><\/p><p style=\"text-align: justify;\"><a href=\"https:\/\/historiadelderecho.umh.es\/actividades\/congresos\/congreso-internacional-el-poder-judicial-durante-la-republica-la-guerra-civil-y-el-franquismo-represion-y-orden-publico\/conselleria-new\/\" rel=\"attachment wp-att-650\"><img class=\"alignleft size-medium wp-image-650\" src=\"https:\/\/historiadelderecho.umh.es\/files\/2017\/10\/Conselleria-New-300x164.png\" alt=\"\" width=\"300\" height=\"164\" \/><\/a><\/p><p class=\"p1\" style=\"text-align: justify;\"><a href=\"https:\/\/historiadelderecho.umh.es\/actividades\/seminariosjornadas\/ii-seminario-de-formacion-para-el-uso-de-recursos-en-linea-aplicados-a-la-memoria-democratica-valenciana\/catedra-interuniversitaria\/\" rel=\"attachment wp-att-653\"><img class=\"alignleft size-medium wp-image-653\" src=\"https:\/\/historiadelderecho.umh.es\/files\/2017\/10\/Catedra-interuniversitaria--300x112.png\" alt=\"\" width=\"300\" height=\"112\" \/><\/a>Resoluci\u00f3n de 23 de marzo de 2017, de la Conselleria de Justicia, Administraci\u00f3n P\u00fablica, Reformas Democr\u00e1ticas y Libertades P\u00fablicas, por la que se convocan, para el a\u00f1o 2017, subvenciones para la realizaci\u00f3n de proyectos e iniciativas en materia de recuperaci\u00f3n de la memoria hist\u00f3rica, en aras a la promoci\u00f3n de la convivencia democr\u00e1tica, y proyectos e iniciativas que promuevan el desarrollo de derechos y libertades fundamentales, desarrolladas por las Universidades de la Comunitat Valenciana.<\/p>","_et_gb_content_width":"","_links_to":"","_links_to_target":""},"_links":{"self":[{"href":"https:\/\/historiadelderecho.umh.es\/en\/wp-json\/wp\/v2\/pages\/587"}],"collection":[{"href":"https:\/\/historiadelderecho.umh.es\/en\/wp-json\/wp\/v2\/pages"}],"about":[{"href":"https:\/\/historiadelderecho.umh.es\/en\/wp-json\/wp\/v2\/types\/page"}],"author":[{"embeddable":true,"href":"https:\/\/historiadelderecho.umh.es\/en\/wp-json\/wp\/v2\/users\/3004"}],"replies":[{"embeddable":true,"href":"https:\/\/historiadelderecho.umh.es\/en\/wp-json\/wp\/v2\/comments?post=587"}],"version-history":[{"count":0,"href":"https:\/\/historiadelderecho.umh.es\/en\/wp-json\/wp\/v2\/pages\/587\/revisions"}],"up":[{"embeddable":true,"href":"https:\/\/historiadelderecho.umh.es\/en\/wp-json\/wp\/v2\/pages\/24"}],"wp:attachment":[{"href":"https:\/\/historiadelderecho.umh.es\/en\/wp-json\/wp\/v2\/media?parent=587"}],"curies":[{"name":"wp","href":"https:\/\/api.w.org\/{rel}","templated":true}]}}